{"id":15550,"date":"2021-03-10T16:36:00","date_gmt":"2021-03-10T15:36:00","guid":{"rendered":"https:\/\/cofg.merkatu.info\/?page_id=15550"},"modified":"2024-01-02T10:16:32","modified_gmt":"2024-01-02T09:16:32","slug":"listado-de-noticias-eu","status":"publish","type":"page","link":"https:\/\/www.cofgipuzkoa.eus\/eu\/listado-de-noticias-eu\/","title":{"rendered":"Berriak"},"content":{"rendered":"<div class=\"wpb-content-wrapper\"><p>[vc_row class=&#8221;morado pageNoticias&#8221;][vc_column width=&#8221;1\/1&#8243;]<h2 class=\"headline font-inherit fontsize-inherit fontweight-inherit lh-inherit align-center transform-inherit titulo_pagina\" style=\"margin: 0 0 20px 0;\">Berriak<\/h2>[vc_column_text]<div class=\"pt-cv-wrapper\"><div class=\"pt-cv-view pt-cv-grid pt-cv-colsys pt-cv-pgregular\" id=\"pt-cv-view-3c6fde8rkz\"><div data-id=\"pt-cv-page-1\" class=\"pt-cv-page\" data-cvc=\"4\"><div class=\"col-md-3 col-sm-6 col-xs-12 pt-cv-content-item pt-cv-1-col\"  data-pid=\"26800\"><div class='pt-cv-ifield'><a href=\"https:\/\/www.cofgipuzkoa.eus\/eu\/farmaceuticos-de-guipuzcoa-advierten-sobre-el-uso-medicamentos-para-dormir-sin-control\/\" class=\"_self pt-cv-href-thumbnail pt-cv-thumb-default cvplbd\" target=\"_self\" ><img loading=\"lazy\" decoding=\"async\" width=\"266\" height=\"200\" src=\"https:\/\/www.cofgipuzkoa.eus\/wp-content\/uploads\/2026\/07\/cofghigienesueno_original-266x200.jpg\" class=\"pt-cv-thumbnail img-none no-lazyload \" alt=\"FARMAC\u00c9UTICOS DE GUIP\u00daZCOA ADVIERTEN SOBRE EL USO MEDICAMENTOS PARA DORMIR SIN CONTROL\" srcset=\"https:\/\/www.cofgipuzkoa.eus\/wp-content\/uploads\/2026\/07\/cofghigienesueno_original-266x200.jpg\" sizes=\"(max-width: 266px) 100vw, 266px\" \/><\/a>\n<h4 class=\"pt-cv-title\"><a href=\"https:\/\/www.cofgipuzkoa.eus\/eu\/farmaceuticos-de-guipuzcoa-advierten-sobre-el-uso-medicamentos-para-dormir-sin-control\/\" class=\"_self cvplbd\" target=\"_self\" >FARMAC\u00c9UTICOS DE GUIP\u00daZCOA ADVIERTEN SOBRE EL USO MEDICAMENTOS PARA DORMIR SIN CONTROL<\/a><\/h4>\n<div class=\"pt-cv-meta-fields\"><span class=\"entry-date\"><span class=\"glyphicon glyphicon-calendar\"><\/span> <time datetime=\"2026-07-30T11:27:11+02:00\">30\/07\/2026<\/time><\/span><\/div>\n<div class=\"pt-cv-content\">Ante el incremento del insomnio en verano, el Colegio Oficial de Farmac\u00e9uticos de Guip\u00fazcoa inst\u00f3 a evitar la automedicaci\u00f3n con psicof\u00e1rmacos. La instituci\u00f3n remarc\u00f3 que los tratamientos para dormir requieren siempre supervisi\u00f3n de un profesional. Ver m\u00e1s<br \/><div class=\"pt-cv-rmwrap\"><a href=\"https:\/\/www.cofgipuzkoa.eus\/eu\/farmaceuticos-de-guipuzcoa-advierten-sobre-el-uso-medicamentos-para-dormir-sin-control\/\" class=\"_self pt-cv-readmore btn btn-success cvplbd\" target=\"_self\">Gehiago<\/a><\/div><\/div><\/div><\/div>\n<div class=\"col-md-3 col-sm-6 col-xs-12 pt-cv-content-item pt-cv-1-col\"  data-pid=\"26773\"><div class='pt-cv-ifield'><a href=\"https:\/\/www.cofgipuzkoa.eus\/eu\/las-farmacias-vascas-participantes-en-el-programa-de-seguimiento-a-pacientes-con-diabetes-tipo-2-y-polimedicados-usaran-la-plataforma-nodofarma-asistencial-del-consejo-general-para-desarrollar-su-la\/\" class=\"_self pt-cv-href-thumbnail pt-cv-thumb-default cvplbd\" target=\"_self\" ><img loading=\"lazy\" decoding=\"async\" width=\"266\" height=\"200\" src=\"https:\/\/www.cofgipuzkoa.eus\/wp-content\/uploads\/2026\/07\/Firma_Convenio_ConsejoVasco_240726_01-1024x683-1-266x200.jpg\" class=\"pt-cv-thumbnail img-none no-lazyload \" alt=\"LAS FARMACIAS VASCAS PARTICIPANTES EN EL PROGRAMA DE SEGUIMIENTO A PACIENTES CON DIABETES TIPO 2 Y POLIMEDICADOS USAR\u00c1N LA PLATAFORMA NODOFARMA ASISTENCIAL, DEL CONSEJO GENERAL, PARA DESARROLLAR SU LABOR SANITARIA\" srcset=\"https:\/\/www.cofgipuzkoa.eus\/wp-content\/uploads\/2026\/07\/Firma_Convenio_ConsejoVasco_240726_01-1024x683-1-266x200.jpg\" sizes=\"(max-width: 266px) 100vw, 266px\" \/><\/a>\n<h4 class=\"pt-cv-title\"><a href=\"https:\/\/www.cofgipuzkoa.eus\/eu\/las-farmacias-vascas-participantes-en-el-programa-de-seguimiento-a-pacientes-con-diabetes-tipo-2-y-polimedicados-usaran-la-plataforma-nodofarma-asistencial-del-consejo-general-para-desarrollar-su-la\/\" class=\"_self cvplbd\" target=\"_self\" >LAS FARMACIAS VASCAS PARTICIPANTES EN EL PROGRAMA DE SEGUIMIENTO A PACIENTES CON DIABETES TIPO 2 Y POLIMEDICADOS USAR\u00c1N LA PLATAFORMA NODOFARMA ASISTENCIAL, DEL CONSEJO GENERAL, PARA DESARROLLAR SU LABOR SANITARIA<\/a><\/h4>\n<div class=\"pt-cv-meta-fields\"><span class=\"entry-date\"><span class=\"glyphicon glyphicon-calendar\"><\/span> <time datetime=\"2026-07-27T08:26:26+02:00\">27\/07\/2026<\/time><\/span><\/div>\n<div class=\"pt-cv-content\">Nodofarma Asistencial facilita el registro de la intervenci\u00f3n farmac\u00e9utica de forma sencilla, r\u00e1pida y protocolizada y la conexi\u00f3n de las farmacias en red. Ver m\u00e1s<br \/><div class=\"pt-cv-rmwrap\"><a href=\"https:\/\/www.cofgipuzkoa.eus\/eu\/las-farmacias-vascas-participantes-en-el-programa-de-seguimiento-a-pacientes-con-diabetes-tipo-2-y-polimedicados-usaran-la-plataforma-nodofarma-asistencial-del-consejo-general-para-desarrollar-su-la\/\" class=\"_self pt-cv-readmore btn btn-success cvplbd\" target=\"_self\">Gehiago<\/a><\/div><\/div><\/div><\/div>\n<div class=\"col-md-3 col-sm-6 col-xs-12 pt-cv-content-item pt-cv-1-col\"  data-pid=\"26758\"><div class='pt-cv-ifield'><a href=\"https:\/\/www.cofgipuzkoa.eus\/eu\/el-consejo-general-de-farmaceuticos-reclama-mejoras-en-la-tramitacion-del-proyecto-de-ley-del-medicamento-para-reforzar-la-seguridad-de-los-pacientes-y-la-equidad-en-el-acceso\/\" class=\"_self pt-cv-href-thumbnail pt-cv-thumb-default cvplbd\" target=\"_self\" ><img loading=\"lazy\" decoding=\"async\" width=\"266\" height=\"200\" src=\"https:\/\/www.cofgipuzkoa.eus\/wp-content\/uploads\/2026\/07\/logo-266x200.jpg\" class=\"pt-cv-thumbnail img-none no-lazyload \" alt=\"EL CONSEJO GENERAL DE FARMAC\u00c9UTICOS RECLAMA MEJORAS EN LA TRAMITACI\u00d3N DEL PROYECTO DE LEY DEL MEDICAMENTO PARA REFORZAR LA SEGURIDAD DE LOS PACIENTES Y LA EQUIDAD EN EL ACCESO\" srcset=\"https:\/\/www.cofgipuzkoa.eus\/wp-content\/uploads\/2026\/07\/logo-266x200.jpg\" sizes=\"(max-width: 266px) 100vw, 266px\" \/><\/a>\n<h4 class=\"pt-cv-title\"><a href=\"https:\/\/www.cofgipuzkoa.eus\/eu\/el-consejo-general-de-farmaceuticos-reclama-mejoras-en-la-tramitacion-del-proyecto-de-ley-del-medicamento-para-reforzar-la-seguridad-de-los-pacientes-y-la-equidad-en-el-acceso\/\" class=\"_self cvplbd\" target=\"_self\" >EL CONSEJO GENERAL DE FARMAC\u00c9UTICOS RECLAMA MEJORAS EN LA TRAMITACI\u00d3N DEL PROYECTO DE LEY DEL MEDICAMENTO PARA REFORZAR LA SEGURIDAD DE LOS PACIENTES Y LA EQUIDAD EN EL ACCESO<\/a><\/h4>\n<div class=\"pt-cv-meta-fields\"><span class=\"entry-date\"><span class=\"glyphicon glyphicon-calendar\"><\/span> <time datetime=\"2026-07-22T12:56:09+02:00\">22\/07\/2026<\/time><\/span><\/div>\n<div class=\"pt-cv-content\">El Proyecto de Ley de los Medicamentos y Productos Sanitarios, que iniciar\u00e1 su tramitaci\u00f3n parlamentaria, refuerza el modelo espa\u00f1ol de farmacia y el valor de la red de m\u00e1s de 22.000 farmacias comunitarias como garant\u00eda de universalidad en<br \/><div class=\"pt-cv-rmwrap\"><a href=\"https:\/\/www.cofgipuzkoa.eus\/eu\/el-consejo-general-de-farmaceuticos-reclama-mejoras-en-la-tramitacion-del-proyecto-de-ley-del-medicamento-para-reforzar-la-seguridad-de-los-pacientes-y-la-equidad-en-el-acceso\/\" class=\"_self pt-cv-readmore btn btn-success cvplbd\" target=\"_self\">Gehiago<\/a><\/div><\/div><\/div><\/div>\n<div class=\"col-md-3 col-sm-6 col-xs-12 pt-cv-content-item pt-cv-1-col\"  data-pid=\"26751\"><div class='pt-cv-ifield'><a href=\"https:\/\/www.cofgipuzkoa.eus\/eu\/el-departamento-de-salud-osakidetza-y-los-colegios-oficiales-de-farmaceuticos-de-euskadi-ponen-en-marcha-un-programa-pionero-para-mejorar-la-atencion-a-personas-con-diabetes-tipo-2-y-polimedicadas\/\" class=\"_self pt-cv-href-thumbnail pt-cv-thumb-default cvplbd\" target=\"_self\" ><img loading=\"lazy\" decoding=\"async\" width=\"266\" height=\"200\" src=\"https:\/\/www.cofgipuzkoa.eus\/wp-content\/uploads\/2026\/07\/n770__DSC0719-266x200.jpg\" class=\"pt-cv-thumbnail img-none no-lazyload \" alt=\"OSASUN SAILAK, OSAKIDETZAK ETA EUSKADIKO FARMAZIALARIEN ELKARGO OFIZIALEK PROGRAMA AITZINDARI BAT JARRI DUTE ABIAN 2. MOTAKO DIABETESA ETA POLIMEDIKAZIOA DUTEN PERTSONENTZAKO ARRETA HOBETZEKO\" srcset=\"https:\/\/www.cofgipuzkoa.eus\/wp-content\/uploads\/2026\/07\/n770__DSC0719-266x200.jpg\" sizes=\"(max-width: 266px) 100vw, 266px\" \/><\/a>\n<h4 class=\"pt-cv-title\"><a href=\"https:\/\/www.cofgipuzkoa.eus\/eu\/el-departamento-de-salud-osakidetza-y-los-colegios-oficiales-de-farmaceuticos-de-euskadi-ponen-en-marcha-un-programa-pionero-para-mejorar-la-atencion-a-personas-con-diabetes-tipo-2-y-polimedicadas\/\" class=\"_self cvplbd\" target=\"_self\" >OSASUN SAILAK, OSAKIDETZAK ETA EUSKADIKO FARMAZIALARIEN ELKARGO OFIZIALEK PROGRAMA AITZINDARI BAT JARRI DUTE ABIAN 2. MOTAKO DIABETESA ETA POLIMEDIKAZIOA DUTEN PERTSONENTZAKO ARRETA HOBETZEKO<\/a><\/h4>\n<div class=\"pt-cv-meta-fields\"><span class=\"entry-date\"><span class=\"glyphicon glyphicon-calendar\"><\/span> <time datetime=\"2026-07-22T12:49:58+02:00\">22\/07\/2026<\/time><\/span><\/div>\n<div class=\"pt-cv-content\">El convenio, firmado hoy en Gasteiz, refuerza el papel de las farmacias comunitarias como agentes de salud y promover\u00e1 un seguimiento farmacoterap\u00e9utico integral en coordinaci\u00f3n con Atenci\u00f3n Primaria Ver noticia<br \/><div class=\"pt-cv-rmwrap\"><a href=\"https:\/\/www.cofgipuzkoa.eus\/eu\/el-departamento-de-salud-osakidetza-y-los-colegios-oficiales-de-farmaceuticos-de-euskadi-ponen-en-marcha-un-programa-pionero-para-mejorar-la-atencion-a-personas-con-diabetes-tipo-2-y-polimedicadas\/\" class=\"_self pt-cv-readmore btn btn-success cvplbd\" target=\"_self\">Gehiago<\/a><\/div><\/div><\/div><\/div>\n<div class=\"col-md-3 col-sm-6 col-xs-12 pt-cv-content-item pt-cv-1-col\"  data-pid=\"26743\"><div class='pt-cv-ifield'><a href=\"https:\/\/www.cofgipuzkoa.eus\/eu\/la-red-de-farmacias-guipuzcoanas-supera-en-2025-los-34-000-spd-dentro-del-programa-sociosanitario\/\" class=\"_self pt-cv-href-thumbnail pt-cv-thumb-default cvplbd\" target=\"_self\" ><img loading=\"lazy\" decoding=\"async\" width=\"266\" height=\"200\" src=\"https:\/\/www.cofgipuzkoa.eus\/wp-content\/uploads\/2026\/07\/acuerdoaizarnazabal_original-266x200.jpg\" class=\"pt-cv-thumbnail img-none no-lazyload \" alt=\"GIPUZKOAKO FARMAZIEN SAREAK 34.000 DSP GAINDITU DITU 2025EAN, PROGRAMA SOZIOSANITARIOAREN BARRUAN\" srcset=\"https:\/\/www.cofgipuzkoa.eus\/wp-content\/uploads\/2026\/07\/acuerdoaizarnazabal_original-266x200.jpg\" sizes=\"(max-width: 266px) 100vw, 266px\" \/><\/a>\n<h4 class=\"pt-cv-title\"><a href=\"https:\/\/www.cofgipuzkoa.eus\/eu\/la-red-de-farmacias-guipuzcoanas-supera-en-2025-los-34-000-spd-dentro-del-programa-sociosanitario\/\" class=\"_self cvplbd\" target=\"_self\" >GIPUZKOAKO FARMAZIEN SAREAK 34.000 DSP GAINDITU DITU 2025EAN, PROGRAMA SOZIOSANITARIOAREN BARRUAN<\/a><\/h4>\n<div class=\"pt-cv-meta-fields\"><span class=\"entry-date\"><span class=\"glyphicon glyphicon-calendar\"><\/span> <time datetime=\"2026-07-21T08:56:09+02:00\">21\/07\/2026<\/time><\/span><\/div>\n<div class=\"pt-cv-content\">El programa de preparaci\u00f3n individualizada de tratamientos farmac\u00e9uticos alcanza los 69 municipios tras la adhesi\u00f3n de Aizarnazabal. La iniciativa benefici\u00f3 el pasado a\u00f1o a 1.214 personas en el territorio y facilit\u00f3 m\u00e1s de 34.000 dispositivos. Ver noticia<br \/><div class=\"pt-cv-rmwrap\"><a href=\"https:\/\/www.cofgipuzkoa.eus\/eu\/la-red-de-farmacias-guipuzcoanas-supera-en-2025-los-34-000-spd-dentro-del-programa-sociosanitario\/\" class=\"_self pt-cv-readmore btn btn-success cvplbd\" target=\"_self\">Gehiago<\/a><\/div><\/div><\/div><\/div>\n<div class=\"col-md-3 col-sm-6 col-xs-12 pt-cv-content-item pt-cv-1-col\"  data-pid=\"26709\"><div class='pt-cv-ifield'><a href=\"https:\/\/www.cofgipuzkoa.eus\/eu\/el-cribado-en-farmacias-guipuzcoanas-detecta-riesgo-renal-en-cerca-del-8-de-los-usuarios\/\" class=\"_self pt-cv-href-thumbnail pt-cv-thumb-default cvplbd\" target=\"_self\" ><img loading=\"lazy\" decoding=\"async\" width=\"266\" height=\"200\" src=\"https:\/\/www.cofgipuzkoa.eus\/wp-content\/uploads\/2026\/07\/imfarmacias_el-cribado-en-farmacias-guipuzcoanas-detecta-riesg_42276_15093614-266x200.jpg\" class=\"pt-cv-thumbnail img-none no-lazyload \" alt=\"GIPUZKOAKO FARMAZIETAKO BAHEKETAK GILTZURRUN-ARRISKUA DETEKTATZEN DU ERABILTZAILEEN % 8TAN\" srcset=\"https:\/\/www.cofgipuzkoa.eus\/wp-content\/uploads\/2026\/07\/imfarmacias_el-cribado-en-farmacias-guipuzcoanas-detecta-riesg_42276_15093614-266x200.jpg\" sizes=\"(max-width: 266px) 100vw, 266px\" \/><\/a>\n<h4 class=\"pt-cv-title\"><a href=\"https:\/\/www.cofgipuzkoa.eus\/eu\/el-cribado-en-farmacias-guipuzcoanas-detecta-riesgo-renal-en-cerca-del-8-de-los-usuarios\/\" class=\"_self cvplbd\" target=\"_self\" >GIPUZKOAKO FARMAZIETAKO BAHEKETAK GILTZURRUN-ARRISKUA DETEKTATZEN DU ERABILTZAILEEN % 8TAN<\/a><\/h4>\n<div class=\"pt-cv-meta-fields\"><span class=\"entry-date\"><span class=\"glyphicon glyphicon-calendar\"><\/span> <time datetime=\"2026-07-15T10:55:57+02:00\">15\/07\/2026<\/time><\/span><\/div>\n<div class=\"pt-cv-content\">GSEk bultzatutako eta 20 botikatan garatutako programari esker, 21 pertsona beren osasun-zentroetara bideratu ahal izan dira balorazio klinikoa egiteko. Berria ikusi<br \/><div class=\"pt-cv-rmwrap\"><a href=\"https:\/\/www.cofgipuzkoa.eus\/eu\/el-cribado-en-farmacias-guipuzcoanas-detecta-riesgo-renal-en-cerca-del-8-de-los-usuarios\/\" class=\"_self pt-cv-readmore btn btn-success cvplbd\" target=\"_self\">Gehiago<\/a><\/div><\/div><\/div><\/div>\n<div class=\"col-md-3 col-sm-6 col-xs-12 pt-cv-content-item pt-cv-1-col\"  data-pid=\"26701\"><div class='pt-cv-ifield'><a href=\"https:\/\/www.cofgipuzkoa.eus\/eu\/izaro-oyarbide-me-gustaria-liderar-el-colegio-desde-la-calle-a-pie-de-farmacia\/\" class=\"_self pt-cv-href-thumbnail pt-cv-thumb-default cvplbd\" target=\"_self\" ><img loading=\"lazy\" decoding=\"async\" width=\"266\" height=\"200\" src=\"https:\/\/www.cofgipuzkoa.eus\/wp-content\/uploads\/2026\/07\/05764619-a833-450c-928b-2c9087d37fb9_16-9-discover-aspect-ratio_default_0-266x200.jpg\" class=\"pt-cv-thumbnail img-none no-lazyload \" alt=\"IZARO OYARBIDE: &quot;ELKARGOA GIDATU NAHIKO NUKE KALETIK, FARMAZIAN BERTAN&quot;\" srcset=\"https:\/\/www.cofgipuzkoa.eus\/wp-content\/uploads\/2026\/07\/05764619-a833-450c-928b-2c9087d37fb9_16-9-discover-aspect-ratio_default_0-266x200.jpg\" sizes=\"(max-width: 266px) 100vw, 266px\" \/><\/a>\n<h4 class=\"pt-cv-title\"><a href=\"https:\/\/www.cofgipuzkoa.eus\/eu\/izaro-oyarbide-me-gustaria-liderar-el-colegio-desde-la-calle-a-pie-de-farmacia\/\" class=\"_self cvplbd\" target=\"_self\" >IZARO OYARBIDE: &#8220;ELKARGOA GIDATU NAHIKO NUKE KALETIK, FARMAZIAN BERTAN&#8221;<\/a><\/h4>\n<div class=\"pt-cv-meta-fields\"><span class=\"entry-date\"><span class=\"glyphicon glyphicon-calendar\"><\/span> <time datetime=\"2026-07-13T12:16:30+02:00\">13\/07\/2026<\/time><\/span><\/div>\n<div class=\"pt-cv-content\">Izaro Oyarbidek hartu du GSEko lehendakaritzaren lekukoa, eta kargu hori eta Bergarako farmazian duen jarduera profesionala uztartuko ditu. berria ikusi<br \/><div class=\"pt-cv-rmwrap\"><a href=\"https:\/\/www.cofgipuzkoa.eus\/eu\/izaro-oyarbide-me-gustaria-liderar-el-colegio-desde-la-calle-a-pie-de-farmacia\/\" class=\"_self pt-cv-readmore btn btn-success cvplbd\" target=\"_self\">Gehiago<\/a><\/div><\/div><\/div><\/div>\n<div class=\"col-md-3 col-sm-6 col-xs-12 pt-cv-content-item pt-cv-1-col\"  data-pid=\"26536\"><div class='pt-cv-ifield'><a href=\"https:\/\/www.cofgipuzkoa.eus\/eu\/el-pais-vasco-renueva-por-cinco-anos-la-red-e-rezeta-para-modernizar-850-farmacias\/\" class=\"_self pt-cv-href-thumbnail pt-cv-thumb-default cvplbd\" target=\"_self\" ><img loading=\"lazy\" decoding=\"async\" width=\"266\" height=\"200\" src=\"https:\/\/www.cofgipuzkoa.eus\/wp-content\/uploads\/2026\/06\/Convenio-Euskaltel_03-266x200.jpg\" class=\"pt-cv-thumbnail img-none no-lazyload \" alt=\"EL PA\u00cdS VASCO RENUEVA POR CINCO A\u00d1OS LA RED \u2018E-REZETA\u2019 PARA MODERNIZAR 850 FARMACIAS\" srcset=\"https:\/\/www.cofgipuzkoa.eus\/wp-content\/uploads\/2026\/06\/Convenio-Euskaltel_03-266x200.jpg\" sizes=\"(max-width: 266px) 100vw, 266px\" \/><\/a>\n<h4 class=\"pt-cv-title\"><a href=\"https:\/\/www.cofgipuzkoa.eus\/eu\/el-pais-vasco-renueva-por-cinco-anos-la-red-e-rezeta-para-modernizar-850-farmacias\/\" class=\"_self cvplbd\" target=\"_self\" >EL PA\u00cdS VASCO RENUEVA POR CINCO A\u00d1OS LA RED \u2018E-REZETA\u2019 PARA MODERNIZAR 850 FARMACIAS<\/a><\/h4>\n<div class=\"pt-cv-meta-fields\"><span class=\"entry-date\"><span class=\"glyphicon glyphicon-calendar\"><\/span> <time datetime=\"2026-06-17T18:05:46+02:00\">17\/06\/2026<\/time><\/span><\/div>\n<div class=\"pt-cv-content\">Los tres Colegios Oficiales de Farmac\u00e9uticos y Euskaltel formalizaron la renovaci\u00f3n de su acuerdo garantizando la conectividad y su evoluci\u00f3n hacia redes SD-WAN. Ver noticia<br \/><div class=\"pt-cv-rmwrap\"><a href=\"https:\/\/www.cofgipuzkoa.eus\/eu\/el-pais-vasco-renueva-por-cinco-anos-la-red-e-rezeta-para-modernizar-850-farmacias\/\" class=\"_self pt-cv-readmore btn btn-success cvplbd\" target=\"_self\">Gehiago<\/a><\/div><\/div><\/div><\/div><\/div><\/div>\n<div class=\"text-left pt-cv-pagination-wrapper\"><ul class=\"pt-cv-pagination pt-cv-ajax pagination\" data-totalpages=\"16\" data-currentpage=\"1\" data-sid=\"3c6fde8rkz\" data-unid=\"\" data-isblock=\"\" data-postid=\"\"><li class=\"active\"><a href=\"#\">1<\/a><\/li>\n\t<li ><a class=\"\" href=\"https:\/\/www.cofgipuzkoa.eus\/eu\/wp-json\/wp\/v2\/pages\/15550\/?_page=2\">2<\/a><\/li>\n\t<li ><a class=\"\" href=\"https:\/\/www.cofgipuzkoa.eus\/eu\/wp-json\/wp\/v2\/pages\/15550\/?_page=3\">3<\/a><\/li>\n\t<li ><a href=\"#\">&hellip;<\/a><\/li>\n\t<li ><a class=\"\" href=\"https:\/\/www.cofgipuzkoa.eus\/eu\/wp-json\/wp\/v2\/pages\/15550\/?_page=16\">16<\/a><\/li>\n\t<li ><a class=\" \" href=\"https:\/\/www.cofgipuzkoa.eus\/eu\/wp-json\/wp\/v2\/pages\/15550\/?_page=2\">&rsaquo;<\/a><\/li>\n\t<\/ul><img loading=\"lazy\" decoding=\"async\" width=\"15\" height=\"15\" class=\"pt-cv-spinner\" alt=\"Loading...\" src=\"data:image\/gif;base64,R0lGODlhDwAPALMPAMrKygwMDJOTkz09PZWVla+vr3p6euTk5M7OzuXl5TMzMwAAAJmZmWZmZszMzP\/\/\/yH\/C05FVFNDQVBFMi4wAwEAAAAh+QQFCgAPACwAAAAADwAPAAAEQvDJaZaZOIcV8iQK8VRX4iTYoAwZ4iCYoAjZ4RxejhVNoT+mRGP4cyF4Pp0N98sBGIBMEMOotl6YZ3S61Bmbkm4mAgAh+QQFCgAPACwAAAAADQANAAAENPDJSRSZeA418itN8QiK8BiLITVsFiyBBIoYqnoewAD4xPw9iY4XLGYSjkQR4UAUD45DLwIAIfkEBQoADwAsAAAAAA8ACQAABC\/wyVlamTi3nSdgwFNdhEJgTJoNyoB9ISYoQmdjiZPcj7EYCAeCF1gEDo4Dz2eIAAAh+QQFCgAPACwCAAAADQANAAAEM\/DJBxiYeLKdX3IJZT1FU0iIg2RNKx3OkZVnZ98ToRD4MyiDnkAh6BkNC0MvsAj0kMpHBAAh+QQFCgAPACwGAAAACQAPAAAEMDC59KpFDll73HkAA2wVY5KgiK5b0RRoI6MuzG6EQqCDMlSGheEhUAgqgUUAFRySIgAh+QQFCgAPACwCAAIADQANAAAEM\/DJKZNLND\/kkKaHc3xk+QAMYDKsiaqmZCxGVjSFFCxB1vwy2oOgIDxuucxAMTAJFAJNBAAh+QQFCgAPACwAAAYADwAJAAAEMNAs86q1yaWwwv2Ig0jUZx3OYa4XoRAfwADXoAwfo1+CIjyFRuEho60aSNYlOPxEAAAh+QQFCgAPACwAAAIADQANAAAENPA9s4y8+IUVcqaWJ4qEQozSoAzoIyhCK2NFU2SJk0hNnyEOhKR2AzAAj4Pj4GE4W0bkJQIAOw==\" \/><div class=\"clear pt-cv-clear-pagination\"><\/div><\/div><\/div>[\/vc_column_text][\/vc_column][\/vc_row]<\/p>\n<\/div>","protected":false},"excerpt":{"rendered":"<p>[vc_row class=&#8221;morado pageNoticias&#8221;][vc_column width=&#8221;1\/1&#8243;][vc_column_text][\/vc_column_text][\/vc_column][\/vc_row]<\/p>\n","protected":false},"author":1107,"featured_media":0,"parent":0,"menu_order":0,"comment_status":"closed","ping_status":"closed","template":"","meta":{"_acf_changed":false,"om_disable_all_campaigns":false,"footnotes":""},"class_list":["post-15550","page","type-page","status-publish","hentry"],"acf":[],"yoast_head":"<!-- This site is optimized with the Yoast SEO plugin v23.1 - https:\/\/yoast.com\/wordpress\/plugins\/seo\/ -->\n<title>Berri Berriak - Gipuzkoako Farmazialarien Elkargoa<\/title>\n<meta name=\"description\" content=\"Eguneratu Gipuzkoako Elkargoko azken berri, gertakizun eta gure komunitaterako garrantzitsuen eguneratzeekin.\" \/>\n<meta name=\"robots\" content=\"index, follow, max-snippet:-1, max-image-preview:large, max-video-preview:-1\" \/>\n<link rel=\"canonical\" href=\"https:\/\/www.cofgipuzkoa.eus\/eu\/listado-de-noticias-eu\/\" \/>\n<meta property=\"og:locale\" content=\"eu_ES\" \/>\n<meta property=\"og:type\" content=\"article\" \/>\n<meta property=\"og:title\" content=\"Berri Berriak - Gipuzkoako Farmazialarien Elkargoa\" \/>\n<meta property=\"og:description\" content=\"Eguneratu Gipuzkoako Elkargoko azken berri, gertakizun eta gure komunitaterako garrantzitsuen eguneratzeekin.\" \/>\n<meta property=\"og:url\" content=\"https:\/\/www.cofgipuzkoa.eus\/eu\/listado-de-noticias-eu\/\" \/>\n<meta property=\"og:site_name\" content=\"Colegio Oficial de Farmac\u00e9uticos de Gipuzkoa - Gipuzkoako Farmazilarien Elkargo Ofiziala\" \/>\n<meta property=\"article:modified_time\" content=\"2024-01-02T09:16:32+00:00\" \/>\n<meta property=\"og:image\" content=\"https:\/\/www.cofgipuzkoa.eus\/wp-content\/uploads\/2023\/12\/cofg.jpg\" \/>\n\t<meta property=\"og:image:width\" content=\"1200\" \/>\n\t<meta property=\"og:image:height\" content=\"675\" \/>\n\t<meta property=\"og:image:type\" content=\"image\/jpeg\" \/>\n<meta name=\"twitter:card\" content=\"summary_large_image\" \/>\n<meta name=\"twitter:site\" content=\"@GipuzkoaCOF\" \/>\n<script type=\"application\/ld+json\" class=\"yoast-schema-graph\">{\"@context\":\"https:\/\/schema.org\",\"@graph\":[{\"@type\":\"WebPage\",\"@id\":\"https:\/\/www.cofgipuzkoa.eus\/eu\/listado-de-noticias-eu\/\",\"url\":\"https:\/\/www.cofgipuzkoa.eus\/eu\/listado-de-noticias-eu\/\",\"name\":\"Berri Berriak - Gipuzkoako Farmazialarien Elkargoa\",\"isPartOf\":{\"@id\":\"https:\/\/www.cofgipuzkoa.eus\/#website\"},\"datePublished\":\"2021-03-10T15:36:00+00:00\",\"dateModified\":\"2024-01-02T09:16:32+00:00\",\"description\":\"Eguneratu Gipuzkoako Elkargoko azken berri, gertakizun eta gure komunitaterako garrantzitsuen eguneratzeekin.\",\"breadcrumb\":{\"@id\":\"https:\/\/www.cofgipuzkoa.eus\/eu\/listado-de-noticias-eu\/#breadcrumb\"},\"inLanguage\":\"eu-ES\",\"potentialAction\":[{\"@type\":\"ReadAction\",\"target\":[\"https:\/\/www.cofgipuzkoa.eus\/eu\/listado-de-noticias-eu\/\"]}]},{\"@type\":\"BreadcrumbList\",\"@id\":\"https:\/\/www.cofgipuzkoa.eus\/eu\/listado-de-noticias-eu\/#breadcrumb\",\"itemListElement\":[{\"@type\":\"ListItem\",\"position\":1,\"name\":\"Home\",\"item\":\"https:\/\/www.cofgipuzkoa.eus\/eu\/\"},{\"@type\":\"ListItem\",\"position\":2,\"name\":\"Berriak\"}]},{\"@type\":\"WebSite\",\"@id\":\"https:\/\/www.cofgipuzkoa.eus\/#website\",\"url\":\"https:\/\/www.cofgipuzkoa.eus\/\",\"name\":\"Colegio Oficial de Farmac\u00e9uticos de Gipuzkoa - Gipuzkoako Farmazilarien Elkargo Ofiziala\",\"description\":\"Colegio Oficial de Farmac\u00e9uticos de Gipuzkoa - Gipuzkoako Farmazilarien Elkargo Ofiziala\",\"publisher\":{\"@id\":\"https:\/\/www.cofgipuzkoa.eus\/#organization\"},\"potentialAction\":[{\"@type\":\"SearchAction\",\"target\":{\"@type\":\"EntryPoint\",\"urlTemplate\":\"https:\/\/www.cofgipuzkoa.eus\/?s={search_term_string}\"},\"query-input\":\"required name=search_term_string\"}],\"inLanguage\":\"eu-ES\"},{\"@type\":\"Organization\",\"@id\":\"https:\/\/www.cofgipuzkoa.eus\/#organization\",\"name\":\"Colegio Oficial de Farmac\u00e9uticos de Gipuzkoa - Gipuzkoako Farmazilarien Elkargo Ofiziala\",\"url\":\"https:\/\/www.cofgipuzkoa.eus\/\",\"logo\":{\"@type\":\"ImageObject\",\"inLanguage\":\"eu-ES\",\"@id\":\"https:\/\/www.cofgipuzkoa.eus\/#\/schema\/logo\/image\/\",\"url\":\"https:\/\/www.cofgipuzkoa.eus\/wp-content\/uploads\/2023\/11\/cofg_logo.png\",\"contentUrl\":\"https:\/\/www.cofgipuzkoa.eus\/wp-content\/uploads\/2023\/11\/cofg_logo.png\",\"width\":112,\"height\":112,\"caption\":\"Colegio Oficial de Farmac\u00e9uticos de Gipuzkoa - Gipuzkoako Farmazilarien Elkargo Ofiziala\"},\"image\":{\"@id\":\"https:\/\/www.cofgipuzkoa.eus\/#\/schema\/logo\/image\/\"},\"sameAs\":[\"https:\/\/x.com\/GipuzkoaCOF\"]}]}<\/script>\n<!-- \/ Yoast SEO plugin. -->","yoast_head_json":{"title":"Berri Berriak - Gipuzkoako Farmazialarien Elkargoa","description":"Eguneratu Gipuzkoako Elkargoko azken berri, gertakizun eta gure komunitaterako garrantzitsuen eguneratzeekin.","robots":{"index":"index","follow":"follow","max-snippet":"max-snippet:-1","max-image-preview":"max-image-preview:large","max-video-preview":"max-video-preview:-1"},"canonical":"https:\/\/www.cofgipuzkoa.eus\/eu\/listado-de-noticias-eu\/","og_locale":"eu_ES","og_type":"article","og_title":"Berri Berriak - Gipuzkoako Farmazialarien Elkargoa","og_description":"Eguneratu Gipuzkoako Elkargoko azken berri, gertakizun eta gure komunitaterako garrantzitsuen eguneratzeekin.","og_url":"https:\/\/www.cofgipuzkoa.eus\/eu\/listado-de-noticias-eu\/","og_site_name":"Colegio Oficial de Farmac\u00e9uticos de Gipuzkoa - Gipuzkoako Farmazilarien Elkargo Ofiziala","article_modified_time":"2024-01-02T09:16:32+00:00","og_image":[{"width":1200,"height":675,"url":"https:\/\/www.cofgipuzkoa.eus\/wp-content\/uploads\/2023\/12\/cofg.jpg","type":"image\/jpeg"}],"twitter_card":"summary_large_image","twitter_site":"@GipuzkoaCOF","schema":{"@context":"https:\/\/schema.org","@graph":[{"@type":"WebPage","@id":"https:\/\/www.cofgipuzkoa.eus\/eu\/listado-de-noticias-eu\/","url":"https:\/\/www.cofgipuzkoa.eus\/eu\/listado-de-noticias-eu\/","name":"Berri Berriak - Gipuzkoako Farmazialarien Elkargoa","isPartOf":{"@id":"https:\/\/www.cofgipuzkoa.eus\/#website"},"datePublished":"2021-03-10T15:36:00+00:00","dateModified":"2024-01-02T09:16:32+00:00","description":"Eguneratu Gipuzkoako Elkargoko azken berri, gertakizun eta gure komunitaterako garrantzitsuen eguneratzeekin.","breadcrumb":{"@id":"https:\/\/www.cofgipuzkoa.eus\/eu\/listado-de-noticias-eu\/#breadcrumb"},"inLanguage":"eu-ES","potentialAction":[{"@type":"ReadAction","target":["https:\/\/www.cofgipuzkoa.eus\/eu\/listado-de-noticias-eu\/"]}]},{"@type":"BreadcrumbList","@id":"https:\/\/www.cofgipuzkoa.eus\/eu\/listado-de-noticias-eu\/#breadcrumb","itemListElement":[{"@type":"ListItem","position":1,"name":"Home","item":"https:\/\/www.cofgipuzkoa.eus\/eu\/"},{"@type":"ListItem","position":2,"name":"Berriak"}]},{"@type":"WebSite","@id":"https:\/\/www.cofgipuzkoa.eus\/#website","url":"https:\/\/www.cofgipuzkoa.eus\/","name":"Colegio Oficial de Farmac\u00e9uticos de Gipuzkoa - Gipuzkoako Farmazilarien Elkargo Ofiziala","description":"Colegio Oficial de Farmac\u00e9uticos de Gipuzkoa - Gipuzkoako Farmazilarien Elkargo Ofiziala","publisher":{"@id":"https:\/\/www.cofgipuzkoa.eus\/#organization"},"potentialAction":[{"@type":"SearchAction","target":{"@type":"EntryPoint","urlTemplate":"https:\/\/www.cofgipuzkoa.eus\/?s={search_term_string}"},"query-input":"required name=search_term_string"}],"inLanguage":"eu-ES"},{"@type":"Organization","@id":"https:\/\/www.cofgipuzkoa.eus\/#organization","name":"Colegio Oficial de Farmac\u00e9uticos de Gipuzkoa - Gipuzkoako Farmazilarien Elkargo Ofiziala","url":"https:\/\/www.cofgipuzkoa.eus\/","logo":{"@type":"ImageObject","inLanguage":"eu-ES","@id":"https:\/\/www.cofgipuzkoa.eus\/#\/schema\/logo\/image\/","url":"https:\/\/www.cofgipuzkoa.eus\/wp-content\/uploads\/2023\/11\/cofg_logo.png","contentUrl":"https:\/\/www.cofgipuzkoa.eus\/wp-content\/uploads\/2023\/11\/cofg_logo.png","width":112,"height":112,"caption":"Colegio Oficial de Farmac\u00e9uticos de Gipuzkoa - Gipuzkoako Farmazilarien Elkargo Ofiziala"},"image":{"@id":"https:\/\/www.cofgipuzkoa.eus\/#\/schema\/logo\/image\/"},"sameAs":["https:\/\/x.com\/GipuzkoaCOF"]}]}},"publishpress_future_action":{"enabled":false,"date":"2026-09-12 06:29:15","action":"change-status","newStatus":"draft","terms":[],"taxonomy":"translation_priority"},"_links":{"self":[{"href":"https:\/\/www.cofgipuzkoa.eus\/eu\/wp-json\/wp\/v2\/pages\/15550"}],"collection":[{"href":"https:\/\/www.cofgipuzkoa.eus\/eu\/wp-json\/wp\/v2\/pages"}],"about":[{"href":"https:\/\/www.cofgipuzkoa.eus\/eu\/wp-json\/wp\/v2\/types\/page"}],"author":[{"embeddable":true,"href":"https:\/\/www.cofgipuzkoa.eus\/eu\/wp-json\/wp\/v2\/users\/1107"}],"replies":[{"embeddable":true,"href":"https:\/\/www.cofgipuzkoa.eus\/eu\/wp-json\/wp\/v2\/comments?post=15550"}],"version-history":[{"count":1,"href":"https:\/\/www.cofgipuzkoa.eus\/eu\/wp-json\/wp\/v2\/pages\/15550\/revisions"}],"predecessor-version":[{"id":21364,"href":"https:\/\/www.cofgipuzkoa.eus\/eu\/wp-json\/wp\/v2\/pages\/15550\/revisions\/21364"}],"wp:attachment":[{"href":"https:\/\/www.cofgipuzkoa.eus\/eu\/wp-json\/wp\/v2\/media?parent=15550"}],"curies":[{"name":"wp","href":"https:\/\/api.w.org\/{rel}","templated":true}]}}