{"id":15516,"date":"2020-11-05T10:09:22","date_gmt":"2020-11-05T09:09:22","guid":{"rendered":"https:\/\/cofg.merkatu.info\/vocalia-de-dermofarmacia-2\/"},"modified":"2021-03-17T17:21:22","modified_gmt":"2021-03-17T16:21:22","slug":"vocalia-de-dermofarmacia-2","status":"publish","type":"page","link":"https:\/\/www.cofgipuzkoa.eus\/eu\/vocalia-de-dermofarmacia-2\/","title":{"rendered":"Vocal\u00eda de Dermofarmacia"},"content":{"rendered":"<div class=\"wpb-content-wrapper\"><p>[vc_row class=&#8221;pageContenido&#8221;][vc_column width=&#8221;1\/1&#8243;]<h2 class=\"headline font-inherit fontsize-inherit fontweight-inherit lh-inherit align-center transform-inherit \" style=\"margin: 0 0 20px 0;\">Vocal\u00eda de Dermofarmacia<\/h2>[vc_column_text]Esta Vocal\u00eda de Secci\u00f3n trabaja para mantener una relaci\u00f3n constante con las Secciones de Dermofarmacia y Cosm\u00e9tica de los Colegios Provinciales, para elevar el nivel t\u00e9cnico y cient\u00edfico, de los farmac\u00e9uticos especialistas en Dermofarmacia.[\/vc_column_text][\/vc_column][\/vc_row][vc_section full_width=&#8221;stretch_row&#8221; el_id=&#8221;seccionDocumentos&#8221; css=&#8221;.vc_custom_1601458837173{background: #fdf4fb url(https:\/\/www.cofgipuzkoa.eus\/wp-content\/uploads\/2020\/09\/deco-section-rosa.jpg?id=14292) !important;background-position: center !important;background-repeat: no-repeat !important;background-size: cover !important;}&#8221;][vc_row text_color=&#8221;custom&#8221; custom_text_color=&#8221;#7a1f5e&#8221; text_align=&#8221;center&#8221; class=&#8221;morado&#8221;][vc_column width=&#8221;1\/1&#8243;][vc_row_inner el_class=&#8221;descargables&#8221;][vc_column_inner][vc_column_text]<div class='w3eden'><!-- WPDM Link Template: Default Template -->\n\n<div class=\"link-template-default card mb-2\">\n    <div class=\"card-body\">\n        <div class=\"media\">\n            <div class=\"mr-3 img-48\"><img decoding=\"async\" class=\"wpdm_icon\" alt=\"Icon\" src=\"https:\/\/www.cofgipuzkoa.eus\/wp-content\/plugins\/download-manager\/assets\/file-type-icons\/pdf.svg\" \/><\/div>\n            <div class=\"media-body\">\n                <h3 class=\"package-title\"><a href='https:\/\/www.cofgipuzkoa.eus\/eu\/download\/protocolo-dermatitis-seborreica\/'>Protocolo dermat.: Protocolo de actuaci\u00f3n \u2013 Dermatitis Seborr\u00e9ica<\/a><\/h3>\n                <div class=\"text-muted text-small\"><i class=\"fas fa-copy\"><\/i> 1 file(s) <i class=\"fas fa-hdd ml-3\"><\/i> 174.73 KB<\/div>\n            <\/div>\n            <div class=\"ml-3\">\n                <a class='wpdm-download-link download-on-click btn btn-primary btn-sm' rel='nofollow' href='#' data-downloadurl=\"https:\/\/www.cofgipuzkoa.eus\/eu\/download\/protocolo-dermatitis-seborreica\/?wpdmdl=14700&refresh=69f40129317ce1777598761\">Deskargatu<\/a>\n            <\/div>\n        <\/div>\n    <\/div>\n<\/div>\n\n<\/div>\n<div class='w3eden'><!-- WPDM Link Template: Default Template -->\n\n<div class=\"link-template-default card mb-2\">\n    <div class=\"card-body\">\n        <div class=\"media\">\n            <div class=\"mr-3 img-48\"><img decoding=\"async\" class=\"wpdm_icon\" alt=\"Icon\" src=\"https:\/\/www.cofgipuzkoa.eus\/wp-content\/plugins\/download-manager\/assets\/file-type-icons\/jpg.svg\" \/><\/div>\n            <div class=\"media-body\">\n                <h3 class=\"package-title\"><a href='https:\/\/www.cofgipuzkoa.eus\/eu\/download\/problemas-de-la-piel\/'>Mascarillas \u2013 Problemas de la piel<\/a><\/h3>\n                <div class=\"text-muted text-small\"><i class=\"fas fa-copy\"><\/i> 1 file(s) <i class=\"fas fa-hdd ml-3\"><\/i> 84.40 KB<\/div>\n            <\/div>\n            <div class=\"ml-3\">\n                <a class='wpdm-download-link download-on-click btn btn-primary btn-sm' rel='nofollow' href='#' data-downloadurl=\"https:\/\/www.cofgipuzkoa.eus\/eu\/download\/problemas-de-la-piel\/?wpdmdl=14699&refresh=69f40129427801777598761\">Deskargatu<\/a>\n            <\/div>\n        <\/div>\n    <\/div>\n<\/div>\n\n<\/div>\n<div class='w3eden'><!-- WPDM Link Template: Default Template -->\n\n<div class=\"link-template-default card mb-2\">\n    <div class=\"card-body\">\n        <div class=\"media\">\n            <div class=\"mr-3 img-48\"><img decoding=\"async\" class=\"wpdm_icon\" alt=\"Icon\" src=\"https:\/\/www.cofgipuzkoa.eus\/wp-content\/plugins\/download-manager\/assets\/file-type-icons\/pdf.svg\" \/><\/div>\n            <div class=\"media-body\">\n                <h3 class=\"package-title\"><a href='https:\/\/www.cofgipuzkoa.eus\/eu\/download\/infografia-gel-hidroalcoholico\/'>Infograf\u00eda gel hidroalcoh\u00f3lico<\/a><\/h3>\n                <div class=\"text-muted text-small\"><i class=\"fas fa-copy\"><\/i> 1 file(s) <i class=\"fas fa-hdd ml-3\"><\/i> 122.58 KB<\/div>\n            <\/div>\n            <div class=\"ml-3\">\n                <a class='wpdm-download-link download-on-click btn btn-primary btn-sm' rel='nofollow' href='#' data-downloadurl=\"https:\/\/www.cofgipuzkoa.eus\/eu\/download\/infografia-gel-hidroalcoholico\/?wpdmdl=14698&refresh=69f40129546c51777598761\">Deskargatu<\/a>\n            <\/div>\n        <\/div>\n    <\/div>\n<\/div>\n\n<\/div>\n<div class='w3eden'><!-- WPDM Link Template: Default Template -->\n\n<div class=\"link-template-default card mb-2\">\n    <div class=\"card-body\">\n        <div class=\"media\">\n            <div class=\"mr-3 img-48\"><img decoding=\"async\" class=\"wpdm_icon\" alt=\"Icon\" src=\"https:\/\/www.cofgipuzkoa.eus\/wp-content\/plugins\/download-manager\/assets\/file-type-icons\/pdf.svg\" \/><\/div>\n            <div class=\"media-body\">\n                <h3 class=\"package-title\"><a href='https:\/\/www.cofgipuzkoa.eus\/eu\/download\/ficha-hiperpigmentacion\/'>Ficha hiperpig.: Protocolo de actuaci\u00f3n \u2013 Hiperpigmentaci\u00f3n<\/a><\/h3>\n                <div class=\"text-muted text-small\"><i class=\"fas fa-copy\"><\/i> 1 file(s) <i class=\"fas fa-hdd ml-3\"><\/i> 427.63 KB<\/div>\n            <\/div>\n            <div class=\"ml-3\">\n                <a class='wpdm-download-link download-on-click btn btn-primary btn-sm' rel='nofollow' href='#' data-downloadurl=\"https:\/\/www.cofgipuzkoa.eus\/eu\/download\/ficha-hiperpigmentacion\/?wpdmdl=14697&refresh=69f40129639701777598761\">Deskargatu<\/a>\n            <\/div>\n        <\/div>\n    <\/div>\n<\/div>\n\n<\/div>\n<div class='w3eden'><!-- WPDM Link Template: Default Template -->\n\n<div class=\"link-template-default card mb-2\">\n    <div class=\"card-body\">\n        <div class=\"media\">\n            <div class=\"mr-3 img-48\"><img decoding=\"async\" class=\"wpdm_icon\" alt=\"Icon\" src=\"https:\/\/www.cofgipuzkoa.eus\/wp-content\/plugins\/download-manager\/assets\/file-type-icons\/jpg.svg\" \/><\/div>\n            <div class=\"media-body\">\n                <h3 class=\"package-title\"><a href='https:\/\/www.cofgipuzkoa.eus\/eu\/download\/consejos-para-el-cuidado-de-la-piel-con-el-uso-de-las-mascarillas1\/'>Consejos para el cuidado de la piel con el uso de las mascarillas1<\/a><\/h3>\n                <div class=\"text-muted text-small\"><i class=\"fas fa-copy\"><\/i> 1 file(s) <i class=\"fas fa-hdd ml-3\"><\/i> 125.62 KB<\/div>\n            <\/div>\n            <div class=\"ml-3\">\n                <a class='wpdm-download-link download-on-click btn btn-primary btn-sm' rel='nofollow' href='#' data-downloadurl=\"https:\/\/www.cofgipuzkoa.eus\/eu\/download\/consejos-para-el-cuidado-de-la-piel-con-el-uso-de-las-mascarillas1\/?wpdmdl=14696&refresh=69f40129740411777598761\">Deskargatu<\/a>\n            <\/div>\n        <\/div>\n    <\/div>\n<\/div>\n\n<\/div>\n<div class='w3eden'><!-- WPDM Link Template: Default Template -->\n\n<div class=\"link-template-default card mb-2\">\n    <div class=\"card-body\">\n        <div class=\"media\">\n            <div class=\"mr-3 img-48\"><img decoding=\"async\" class=\"wpdm_icon\" alt=\"Icon\" src=\"https:\/\/www.cofgipuzkoa.eus\/wp-content\/plugins\/download-manager\/assets\/file-type-icons\/pdf.svg\" \/><\/div>\n            <div class=\"media-body\">\n                <h3 class=\"package-title\"><a href='https:\/\/www.cofgipuzkoa.eus\/eu\/download\/19-09-12-compendio-de-normas-y-directrices-europeas-relativas-a-productos-cosmeticos-aemps\/'>Compendio de normas y directrices europeas \u2013 Productos Cosm\u00e9ticos<\/a><\/h3>\n                <div class=\"text-muted text-small\"><i class=\"fas fa-copy\"><\/i> 1 file(s) <i class=\"fas fa-hdd ml-3\"><\/i> 1.58 MB<\/div>\n            <\/div>\n            <div class=\"ml-3\">\n                <a class='wpdm-download-link download-on-click btn btn-primary btn-sm' rel='nofollow' href='#' data-downloadurl=\"https:\/\/www.cofgipuzkoa.eus\/eu\/download\/19-09-12-compendio-de-normas-y-directrices-europeas-relativas-a-productos-cosmeticos-aemps\/?wpdmdl=14695&refresh=69f4012982ed51777598761\">Deskargatu<\/a>\n            <\/div>\n        <\/div>\n    <\/div>\n<\/div>\n\n<\/div>[\/vc_column_text][\/vc_column_inner][\/vc_row_inner][\/vc_column][\/vc_row][\/vc_section][vc_section full_width=&#8221;stretch_row_content&#8221; disable_element=&#8221;yes&#8221; el_id=&#8221;seccionQueNecesitas&#8221;][vc_row class=&#8221;pageContenido&#8221;][vc_column width=&#8221;1\/1&#8243;]<h2 class=\"headline font-inherit fontsize-inherit fontweight-inherit lh-inherit align-center transform-inherit \" style=\"margin: 0 0 20px 0;\">M\u00c1S INFORMACI\u00d3N DE INTER\u00c9S<\/h2>[\/vc_column][\/vc_row][vc_row type=&#8221;full_width_section&#8221;][vc_column el_class=&#8221;columna izq morado&#8221; bg_color=&#8221;#93bc2c&#8221; bg_image=&#8221;14379&#8243; column_center=&#8221;true&#8221; width=&#8221;1\/2&#8243;][\/vc_column][vc_column el_class=&#8221;columna dcha verde&#8221; column_center=&#8221;true&#8221; width=&#8221;1\/2&#8243;]<h2 class=\"headline font-inherit fontsize-inherit fontweight-inherit lh-inherit align-left transform-inherit \" style=\"margin: 0 0 20px 0;\">\u00bfQu\u00e9 necesitas que te enviemos?<\/h2>[vc_column_text]Lorem ipsum dolor sit amet, consectetur adipiscing elit, sed do eiusmod tempor incididunt ut labore et dolore magna aliqua.[\/vc_column_text]<a href=\"#\" target=\"_self\" class=\"button color-3 medium outline\" style=\"border-radius: ;\">\u00a1P\u00eddenoslo!<\/a>[\/vc_column][\/vc_row][\/vc_section]<\/p>\n<\/div>","protected":false},"excerpt":{"rendered":"<p>[vc_row class=&#8221;pageContenido&#8221;][vc_column width=&#8221;1\/1&#8243;][vc_column_text]Esta Vocal\u00eda de Secci\u00f3n trabaja para mantener una relaci\u00f3n constante con las Secciones de Dermofarmacia y Cosm\u00e9tica de los Colegios Provinciales, para elevar el nivel t\u00e9cnico y cient\u00edfico, de los farmac\u00e9uticos especialistas en Dermofarmacia.[\/vc_column_text][\/vc_column][\/vc_row][vc_section full_width=&#8221;stretch_row&#8221; el_id=&#8221;seccionDocumentos&#8221; css=&#8221;.vc_custom_1601458837173{background: #fdf4fb url(https:\/\/www.cofgipuzkoa.eus\/wp-content\/uploads\/2020\/09\/deco-section-rosa.jpg?id=14292) !important;background-position: center !important;background-repeat: no-repeat !important;background-size: cover !important;}&#8221;][vc_row text_color=&#8221;custom&#8221; custom_text_color=&#8221;#7a1f5e&#8221; text_align=&#8221;center&#8221; class=&#8221;morado&#8221;][vc_column width=&#8221;1\/1&#8243;][vc_row_inner el_class=&#8221;descargables&#8221;][vc_column_inner][vc_column_text] [\/vc_column_text][\/vc_column_inner][\/vc_row_inner][\/vc_column][\/vc_row][\/vc_section][vc_section full_width=&#8221;stretch_row_content&#8221; disable_element=&#8221;yes&#8221; el_id=&#8221;seccionQueNecesitas&#8221;][vc_row class=&#8221;pageContenido&#8221;][vc_column width=&#8221;1\/1&#8243;][\/vc_column][\/vc_row][vc_row type=&#8221;full_width_section&#8221;][vc_column el_class=&#8221;columna izq morado&#8221; bg_color=&#8221;#93bc2c&#8221; bg_image=&#8221;14379&#8243; column_center=&#8221;true&#8221; width=&#8221;1\/2&#8243;][\/vc_column][vc_column el_class=&#8221;columna dcha verde&#8221; column_center=&#8221;true&#8221; width=&#8221;1\/2&#8243;][vc_column_text]Lorem ipsum dolor sit amet, consectetur adipiscing elit, sed do eiusmod tempor incididunt ut labore et dolore magna aliqua.[\/vc_column_text][\/vc_column][\/vc_row][\/vc_section]<\/p>\n","protected":false},"author":1107,"featured_media":0,"parent":0,"menu_order":0,"comment_status":"closed","ping_status":"closed","template":"","meta":{"_acf_changed":false,"om_disable_all_campaigns":false,"footnotes":""},"class_list":["post-15516","page","type-page","status-publish","hentry"],"acf":[],"yoast_head":"<!-- This site is optimized with the Yoast SEO plugin v23.1 - https:\/\/yoast.com\/wordpress\/plugins\/seo\/ -->\n<title>Vocal\u00eda de Dermofarmacia - Colegio Oficial de Farmac\u00e9uticos de Gipuzkoa - Gipuzkoako Farmazilarien Elkargo Ofiziala<\/title>\n<meta name=\"robots\" content=\"index, follow, max-snippet:-1, max-image-preview:large, max-video-preview:-1\" \/>\n<link rel=\"canonical\" href=\"https:\/\/www.cofgipuzkoa.eus\/eu\/vocalia-de-dermofarmacia-2\/\" \/>\n<meta property=\"og:locale\" content=\"eu_ES\" \/>\n<meta property=\"og:type\" content=\"article\" \/>\n<meta property=\"og:title\" content=\"Vocal\u00eda de Dermofarmacia - Colegio Oficial de Farmac\u00e9uticos de Gipuzkoa - Gipuzkoako Farmazilarien Elkargo Ofiziala\" \/>\n<meta property=\"og:description\" content=\"[vc_row class=&#8221;pageContenido&#8221;][vc_column width=&#8221;1\/1&#8243;][vc_column_text]Esta Vocal\u00eda de Secci\u00f3n trabaja para mantener una relaci\u00f3n constante con las Secciones de Dermofarmacia y Cosm\u00e9tica de los Colegios Provinciales, para elevar el nivel t\u00e9cnico y cient\u00edfico, de los farmac\u00e9uticos especialistas en Dermofarmacia.[\/vc_column_text][\/vc_column][\/vc_row][vc_section full_width=&#8221;stretch_row&#8221; el_id=&#8221;seccionDocumentos&#8221; css=&#8221;.vc_custom_1601458837173{background: #fdf4fb url(https:\/\/www.cofgipuzkoa.eus\/wp-content\/uploads\/2020\/09\/deco-section-rosa.jpg?id=14292) !important;background-position: center !important;background-repeat: no-repeat !important;background-size: cover !important;}&#8221;][vc_row text_color=&#8221;custom&#8221; custom_text_color=&#8221;#7a1f5e&#8221; text_align=&#8221;center&#8221; class=&#8221;morado&#8221;][vc_column width=&#8221;1\/1&#8243;][vc_row_inner el_class=&#8221;descargables&#8221;][vc_column_inner][vc_column_text] [\/vc_column_text][\/vc_column_inner][\/vc_row_inner][\/vc_column][\/vc_row][\/vc_section][vc_section full_width=&#8221;stretch_row_content&#8221; disable_element=&#8221;yes&#8221; el_id=&#8221;seccionQueNecesitas&#8221;][vc_row class=&#8221;pageContenido&#8221;][vc_column width=&#8221;1\/1&#8243;][\/vc_column][\/vc_row][vc_row type=&#8221;full_width_section&#8221;][vc_column el_class=&#8221;columna izq morado&#8221; bg_color=&#8221;#93bc2c&#8221; bg_image=&#8221;14379&#8243; column_center=&#8221;true&#8221; width=&#8221;1\/2&#8243;][\/vc_column][vc_column el_class=&#8221;columna dcha verde&#8221; column_center=&#8221;true&#8221; width=&#8221;1\/2&#8243;][vc_column_text]Lorem ipsum dolor sit amet, consectetur adipiscing elit, sed do eiusmod tempor incididunt ut labore et dolore magna aliqua.[\/vc_column_text][\/vc_column][\/vc_row][\/vc_section]\" \/>\n<meta property=\"og:url\" content=\"https:\/\/www.cofgipuzkoa.eus\/eu\/vocalia-de-dermofarmacia-2\/\" \/>\n<meta property=\"og:site_name\" content=\"Colegio Oficial de Farmac\u00e9uticos de Gipuzkoa - Gipuzkoako Farmazilarien Elkargo Ofiziala\" \/>\n<meta property=\"article:modified_time\" content=\"2021-03-17T16:21:22+00:00\" \/>\n<meta property=\"og:image\" content=\"https:\/\/www.cofgipuzkoa.eus\/wp-content\/uploads\/2023\/12\/cofg.jpg\" \/>\n\t<meta property=\"og:image:width\" content=\"1200\" \/>\n\t<meta property=\"og:image:height\" content=\"675\" \/>\n\t<meta property=\"og:image:type\" content=\"image\/jpeg\" \/>\n<meta name=\"twitter:card\" content=\"summary_large_image\" \/>\n<meta name=\"twitter:site\" content=\"@GipuzkoaCOF\" \/>\n<meta name=\"twitter:label1\" content=\"Est. reading time\" \/>\n\t<meta name=\"twitter:data1\" content=\"2 minutes\" \/>\n<script type=\"application\/ld+json\" class=\"yoast-schema-graph\">{\"@context\":\"https:\/\/schema.org\",\"@graph\":[{\"@type\":\"WebPage\",\"@id\":\"https:\/\/www.cofgipuzkoa.eus\/eu\/vocalia-de-dermofarmacia-2\/\",\"url\":\"https:\/\/www.cofgipuzkoa.eus\/eu\/vocalia-de-dermofarmacia-2\/\",\"name\":\"Vocal\u00eda de Dermofarmacia - Colegio Oficial de Farmac\u00e9uticos de Gipuzkoa - Gipuzkoako Farmazilarien Elkargo Ofiziala\",\"isPartOf\":{\"@id\":\"https:\/\/www.cofgipuzkoa.eus\/#website\"},\"datePublished\":\"2020-11-05T09:09:22+00:00\",\"dateModified\":\"2021-03-17T16:21:22+00:00\",\"breadcrumb\":{\"@id\":\"https:\/\/www.cofgipuzkoa.eus\/eu\/vocalia-de-dermofarmacia-2\/#breadcrumb\"},\"inLanguage\":\"eu-ES\",\"potentialAction\":[{\"@type\":\"ReadAction\",\"target\":[\"https:\/\/www.cofgipuzkoa.eus\/eu\/vocalia-de-dermofarmacia-2\/\"]}]},{\"@type\":\"BreadcrumbList\",\"@id\":\"https:\/\/www.cofgipuzkoa.eus\/eu\/vocalia-de-dermofarmacia-2\/#breadcrumb\",\"itemListElement\":[{\"@type\":\"ListItem\",\"position\":1,\"name\":\"Home\",\"item\":\"https:\/\/www.cofgipuzkoa.eus\/eu\/\"},{\"@type\":\"ListItem\",\"position\":2,\"name\":\"Vocal\u00eda de Dermofarmacia\"}]},{\"@type\":\"WebSite\",\"@id\":\"https:\/\/www.cofgipuzkoa.eus\/#website\",\"url\":\"https:\/\/www.cofgipuzkoa.eus\/\",\"name\":\"Colegio Oficial de Farmac\u00e9uticos de Gipuzkoa - Gipuzkoako Farmazilarien Elkargo Ofiziala\",\"description\":\"Colegio Oficial de Farmac\u00e9uticos de Gipuzkoa - Gipuzkoako Farmazilarien Elkargo Ofiziala\",\"publisher\":{\"@id\":\"https:\/\/www.cofgipuzkoa.eus\/#organization\"},\"potentialAction\":[{\"@type\":\"SearchAction\",\"target\":{\"@type\":\"EntryPoint\",\"urlTemplate\":\"https:\/\/www.cofgipuzkoa.eus\/?s={search_term_string}\"},\"query-input\":\"required name=search_term_string\"}],\"inLanguage\":\"eu-ES\"},{\"@type\":\"Organization\",\"@id\":\"https:\/\/www.cofgipuzkoa.eus\/#organization\",\"name\":\"Colegio Oficial de Farmac\u00e9uticos de Gipuzkoa - Gipuzkoako Farmazilarien Elkargo Ofiziala\",\"url\":\"https:\/\/www.cofgipuzkoa.eus\/\",\"logo\":{\"@type\":\"ImageObject\",\"inLanguage\":\"eu-ES\",\"@id\":\"https:\/\/www.cofgipuzkoa.eus\/#\/schema\/logo\/image\/\",\"url\":\"https:\/\/www.cofgipuzkoa.eus\/wp-content\/uploads\/2023\/11\/cofg_logo.png\",\"contentUrl\":\"https:\/\/www.cofgipuzkoa.eus\/wp-content\/uploads\/2023\/11\/cofg_logo.png\",\"width\":112,\"height\":112,\"caption\":\"Colegio Oficial de Farmac\u00e9uticos de Gipuzkoa - Gipuzkoako Farmazilarien Elkargo Ofiziala\"},\"image\":{\"@id\":\"https:\/\/www.cofgipuzkoa.eus\/#\/schema\/logo\/image\/\"},\"sameAs\":[\"https:\/\/x.com\/GipuzkoaCOF\"]}]}<\/script>\n<!-- \/ Yoast SEO plugin. -->","yoast_head_json":{"title":"Vocal\u00eda de Dermofarmacia - Colegio Oficial de Farmac\u00e9uticos de Gipuzkoa - Gipuzkoako Farmazilarien Elkargo Ofiziala","robots":{"index":"index","follow":"follow","max-snippet":"max-snippet:-1","max-image-preview":"max-image-preview:large","max-video-preview":"max-video-preview:-1"},"canonical":"https:\/\/www.cofgipuzkoa.eus\/eu\/vocalia-de-dermofarmacia-2\/","og_locale":"eu_ES","og_type":"article","og_title":"Vocal\u00eda de Dermofarmacia - Colegio Oficial de Farmac\u00e9uticos de Gipuzkoa - Gipuzkoako Farmazilarien Elkargo Ofiziala","og_description":"[vc_row class=&#8221;pageContenido&#8221;][vc_column width=&#8221;1\/1&#8243;][vc_column_text]Esta Vocal\u00eda de Secci\u00f3n trabaja para mantener una relaci\u00f3n constante con las Secciones de Dermofarmacia y Cosm\u00e9tica de los Colegios Provinciales, para elevar el nivel t\u00e9cnico y cient\u00edfico, de los farmac\u00e9uticos especialistas en Dermofarmacia.[\/vc_column_text][\/vc_column][\/vc_row][vc_section full_width=&#8221;stretch_row&#8221; el_id=&#8221;seccionDocumentos&#8221; css=&#8221;.vc_custom_1601458837173{background: #fdf4fb url(https:\/\/www.cofgipuzkoa.eus\/wp-content\/uploads\/2020\/09\/deco-section-rosa.jpg?id=14292) !important;background-position: center !important;background-repeat: no-repeat !important;background-size: cover !important;}&#8221;][vc_row text_color=&#8221;custom&#8221; custom_text_color=&#8221;#7a1f5e&#8221; text_align=&#8221;center&#8221; class=&#8221;morado&#8221;][vc_column width=&#8221;1\/1&#8243;][vc_row_inner el_class=&#8221;descargables&#8221;][vc_column_inner][vc_column_text] [\/vc_column_text][\/vc_column_inner][\/vc_row_inner][\/vc_column][\/vc_row][\/vc_section][vc_section full_width=&#8221;stretch_row_content&#8221; disable_element=&#8221;yes&#8221; el_id=&#8221;seccionQueNecesitas&#8221;][vc_row class=&#8221;pageContenido&#8221;][vc_column width=&#8221;1\/1&#8243;][\/vc_column][\/vc_row][vc_row type=&#8221;full_width_section&#8221;][vc_column el_class=&#8221;columna izq morado&#8221; bg_color=&#8221;#93bc2c&#8221; bg_image=&#8221;14379&#8243; column_center=&#8221;true&#8221; width=&#8221;1\/2&#8243;][\/vc_column][vc_column el_class=&#8221;columna dcha verde&#8221; column_center=&#8221;true&#8221; width=&#8221;1\/2&#8243;][vc_column_text]Lorem ipsum dolor sit amet, consectetur adipiscing elit, sed do eiusmod tempor incididunt ut labore et dolore magna aliqua.[\/vc_column_text][\/vc_column][\/vc_row][\/vc_section]","og_url":"https:\/\/www.cofgipuzkoa.eus\/eu\/vocalia-de-dermofarmacia-2\/","og_site_name":"Colegio Oficial de Farmac\u00e9uticos de Gipuzkoa - Gipuzkoako Farmazilarien Elkargo Ofiziala","article_modified_time":"2021-03-17T16:21:22+00:00","og_image":[{"width":1200,"height":675,"url":"https:\/\/www.cofgipuzkoa.eus\/wp-content\/uploads\/2023\/12\/cofg.jpg","type":"image\/jpeg"}],"twitter_card":"summary_large_image","twitter_site":"@GipuzkoaCOF","twitter_misc":{"Est. reading time":"2 minutes"},"schema":{"@context":"https:\/\/schema.org","@graph":[{"@type":"WebPage","@id":"https:\/\/www.cofgipuzkoa.eus\/eu\/vocalia-de-dermofarmacia-2\/","url":"https:\/\/www.cofgipuzkoa.eus\/eu\/vocalia-de-dermofarmacia-2\/","name":"Vocal\u00eda de Dermofarmacia - Colegio Oficial de Farmac\u00e9uticos de Gipuzkoa - Gipuzkoako Farmazilarien Elkargo Ofiziala","isPartOf":{"@id":"https:\/\/www.cofgipuzkoa.eus\/#website"},"datePublished":"2020-11-05T09:09:22+00:00","dateModified":"2021-03-17T16:21:22+00:00","breadcrumb":{"@id":"https:\/\/www.cofgipuzkoa.eus\/eu\/vocalia-de-dermofarmacia-2\/#breadcrumb"},"inLanguage":"eu-ES","potentialAction":[{"@type":"ReadAction","target":["https:\/\/www.cofgipuzkoa.eus\/eu\/vocalia-de-dermofarmacia-2\/"]}]},{"@type":"BreadcrumbList","@id":"https:\/\/www.cofgipuzkoa.eus\/eu\/vocalia-de-dermofarmacia-2\/#breadcrumb","itemListElement":[{"@type":"ListItem","position":1,"name":"Home","item":"https:\/\/www.cofgipuzkoa.eus\/eu\/"},{"@type":"ListItem","position":2,"name":"Vocal\u00eda de Dermofarmacia"}]},{"@type":"WebSite","@id":"https:\/\/www.cofgipuzkoa.eus\/#website","url":"https:\/\/www.cofgipuzkoa.eus\/","name":"Colegio Oficial de Farmac\u00e9uticos de Gipuzkoa - Gipuzkoako Farmazilarien Elkargo Ofiziala","description":"Colegio Oficial de Farmac\u00e9uticos de Gipuzkoa - Gipuzkoako Farmazilarien Elkargo Ofiziala","publisher":{"@id":"https:\/\/www.cofgipuzkoa.eus\/#organization"},"potentialAction":[{"@type":"SearchAction","target":{"@type":"EntryPoint","urlTemplate":"https:\/\/www.cofgipuzkoa.eus\/?s={search_term_string}"},"query-input":"required name=search_term_string"}],"inLanguage":"eu-ES"},{"@type":"Organization","@id":"https:\/\/www.cofgipuzkoa.eus\/#organization","name":"Colegio Oficial de Farmac\u00e9uticos de Gipuzkoa - Gipuzkoako Farmazilarien Elkargo Ofiziala","url":"https:\/\/www.cofgipuzkoa.eus\/","logo":{"@type":"ImageObject","inLanguage":"eu-ES","@id":"https:\/\/www.cofgipuzkoa.eus\/#\/schema\/logo\/image\/","url":"https:\/\/www.cofgipuzkoa.eus\/wp-content\/uploads\/2023\/11\/cofg_logo.png","contentUrl":"https:\/\/www.cofgipuzkoa.eus\/wp-content\/uploads\/2023\/11\/cofg_logo.png","width":112,"height":112,"caption":"Colegio Oficial de Farmac\u00e9uticos de Gipuzkoa - Gipuzkoako Farmazilarien Elkargo Ofiziala"},"image":{"@id":"https:\/\/www.cofgipuzkoa.eus\/#\/schema\/logo\/image\/"},"sameAs":["https:\/\/x.com\/GipuzkoaCOF"]}]}},"publishpress_future_action":{"enabled":false,"date":"2026-05-08 03:26:01","action":"change-status","newStatus":"draft","terms":[],"taxonomy":"translation_priority"},"_links":{"self":[{"href":"https:\/\/www.cofgipuzkoa.eus\/eu\/wp-json\/wp\/v2\/pages\/15516"}],"collection":[{"href":"https:\/\/www.cofgipuzkoa.eus\/eu\/wp-json\/wp\/v2\/pages"}],"about":[{"href":"https:\/\/www.cofgipuzkoa.eus\/eu\/wp-json\/wp\/v2\/types\/page"}],"author":[{"embeddable":true,"href":"https:\/\/www.cofgipuzkoa.eus\/eu\/wp-json\/wp\/v2\/users\/1107"}],"replies":[{"embeddable":true,"href":"https:\/\/www.cofgipuzkoa.eus\/eu\/wp-json\/wp\/v2\/comments?post=15516"}],"version-history":[{"count":0,"href":"https:\/\/www.cofgipuzkoa.eus\/eu\/wp-json\/wp\/v2\/pages\/15516\/revisions"}],"wp:attachment":[{"href":"https:\/\/www.cofgipuzkoa.eus\/eu\/wp-json\/wp\/v2\/media?parent=15516"}],"curies":[{"name":"wp","href":"https:\/\/api.w.org\/{rel}","templated":true}]}}