{"id":14996,"date":"2021-02-17T18:07:45","date_gmt":"2021-02-17T17:07:45","guid":{"rendered":"https:\/\/cofg.merkatu.info\/?page_id=14996"},"modified":"2025-03-26T11:58:51","modified_gmt":"2025-03-26T10:58:51","slug":"gobernu-batzordea-eta-kideak","status":"publish","type":"page","link":"https:\/\/www.cofgipuzkoa.eus\/eu\/nortzuk-gara\/informazio-korporatiboa\/gure-taldea\/gobernu-batzordea-eta-kideak\/","title":{"rendered":"Nortzuk gara"},"content":{"rendered":"<div class=\"wpb-content-wrapper\"><p>[vc_row class=&#8221;pageContenido&#8221;][vc_column width=&#8221;1\/1&#8243;]<h2 class=\"headline font-inherit fontsize-inherit fontweight-inherit lh-inherit align-center transform-inherit \" style=\"margin: 0 0 20px 0;\">Gobernu Batzordea<\/h2>[vc_row_inner][vc_column_inner width=&#8221;1\/3&#8243;][\/vc_column_inner][vc_column_inner width=&#8221;1\/3&#8243;]<div class=\"member wpb_content_element\"><div class=\"member-img\"><img decoding=\"async\" src=\"https:\/\/www.cofgipuzkoa.eus\/wp-content\/uploads\/2022\/06\/MIGUEL-ANGEL-GASTELURRUTIA-B_N.jpg\" alt=\"\" \/><\/div><h4>Miguel Angel Gastelurrutia Garralda<\/h4><div class=\"member-role\">LEHENDAKARIA<\/div><div class=\"member-content\"><p><\/p><\/div><\/div>[\/vc_column_inner][vc_column_inner width=&#8221;1\/3&#8243;][\/vc_column_inner][\/vc_row_inner][vc_row_inner][vc_column_inner el_class=&#8221;displaymember-content&#8221; width=&#8221;1\/3&#8243;]<div class=\"member wpb_content_element\"><div class=\"member-img\"><img decoding=\"async\" src=\"https:\/\/www.cofgipuzkoa.eus\/wp-content\/uploads\/2022\/06\/USUA-CILVETI-B_N-2.jpg\" alt=\"\" \/><\/div><h4>Usua Cilveti S\u00e1nchez<\/h4><div class=\"member-role\">LEHENDAKARIORDEA<\/div><div class=\"member-content\"><p>LEHENDAKARIORDEA<\/p><\/div><\/div>[\/vc_column_inner][vc_column_inner width=&#8221;1\/3&#8243;]<div class=\"member wpb_content_element\"><div class=\"member-img\"><img decoding=\"async\" src=\"https:\/\/www.cofgipuzkoa.eus\/wp-content\/uploads\/2022\/06\/D\u00f1a.-Lierni-Mendiaraz-Holgado-2-min.jpg\" alt=\"\" \/><\/div><h4>Lierni Mendiaraz Holgado<\/h4><div class=\"member-role\">IDAZKARIA<\/div><div class=\"member-content\"><p><\/p><\/div><\/div>[\/vc_column_inner][vc_column_inner width=&#8221;1\/3&#8243;]<div class=\"member wpb_content_element\"><div class=\"member-img\"><img decoding=\"async\" src=\"https:\/\/www.cofgipuzkoa.eus\/wp-content\/uploads\/2022\/06\/ELIXABETE-LASA-B_N.jpg\" alt=\"\" \/><\/div><h4>Elixabete Lasa Suquia<\/h4><div class=\"member-role\">DIRUZAINA<\/div><div class=\"member-content\"><p><\/p><\/div><\/div>[\/vc_column_inner][\/vc_row_inner][vc_row_inner][vc_column_inner width=&#8221;1\/3&#8243;]<div class=\"member wpb_content_element\"><div class=\"member-img\"><img decoding=\"async\" src=\"https:\/\/www.cofgipuzkoa.eus\/wp-content\/uploads\/2022\/06\/ENRIQUE-RODRIGUEZ-B_N.jpg\" alt=\"\" \/><\/div><h4>Enrique Rodriguez Zarzuelo<\/h4><div class=\"member-role\">I. ZENBAKIDUN BOKALA<\/div><div class=\"member-content\"><p><\/p><\/div><\/div>[\/vc_column_inner][vc_column_inner width=&#8221;1\/3&#8243;]<div class=\"member wpb_content_element\"><div class=\"member-img\"><img decoding=\"async\" src=\"https:\/\/www.cofgipuzkoa.eus\/wp-content\/uploads\/2022\/06\/D\u00f1a.-Izaro-Oyarbide-Mendicute-min.jpg\" alt=\"\" \/><\/div><h4>Izaro Oyarbide Mendicute<\/h4><div class=\"member-role\">II. ZENBAKIDUN BOKALA<\/div><div class=\"member-content\"><p><\/p><\/div><\/div>[\/vc_column_inner][vc_column_inner width=&#8221;1\/3&#8243;]<div class=\"member wpb_content_element\"><div class=\"member-img\"><img decoding=\"async\" src=\"https:\/\/www.cofgipuzkoa.eus\/wp-content\/uploads\/2020\/09\/D\u00f1a.-Marina-Guisasola-Agra-min.jpg\" alt=\"\" \/><\/div><h4>Marina Guisasola Agra<\/h4><div class=\"member-role\">III. ZENBAKIDUN BOKALA<\/div><div class=\"member-content\"><p><\/p><\/div><\/div>[\/vc_column_inner][\/vc_row_inner][vc_row_inner][vc_column_inner width=&#8221;1\/3&#8243;]<div class=\"member wpb_content_element\"><div class=\"member-img\"><img decoding=\"async\" src=\"https:\/\/www.cofgipuzkoa.eus\/wp-content\/uploads\/2022\/06\/ane-otaegi.jpg\" alt=\"\" \/><\/div><h4>Ane Otaegui Arrazola<\/h4><div class=\"member-role\">AHOLKULARI I<\/div><div class=\"member-content\"><p><\/p><\/div><\/div>[\/vc_column_inner][vc_column_inner width=&#8221;1\/3&#8243;]<div class=\"member wpb_content_element\"><div class=\"member-img\"><img decoding=\"async\" src=\"https:\/\/www.cofgipuzkoa.eus\/wp-content\/uploads\/2022\/06\/AMAIA-UNAMUNO-B_N.jpg\" alt=\"\" \/><\/div><h4>Amaia Unamuno Arenaza<\/h4><div class=\"member-role\">AHOLKULARI II<\/div><div class=\"member-content\"><p><\/p><\/div><\/div>[\/vc_column_inner][vc_column_inner width=&#8221;1\/3&#8243;]<div class=\"member wpb_content_element\"><div class=\"member-img\"><img decoding=\"async\" src=\"https:\/\/www.cofgipuzkoa.eus\/wp-content\/uploads\/2022\/06\/ANA-BERBEL-B_N.jpg\" alt=\"\" \/><\/div><h4>Ana Berbel Ayestar\u00e1n<\/h4><div class=\"member-role\">AHOLKULARI III<\/div><div class=\"member-content\"><p><\/p><\/div><\/div>[\/vc_column_inner][\/vc_row_inner][\/vc_column][\/vc_row][vc_row class=&#8221;pageContenido miembros&#8221;][vc_column width=&#8221;1\/1&#8243;]<h2 class=\"headline font-inherit fontsize-inherit fontweight-inherit lh-inherit align-center transform-inherit \" style=\"margin: 0 0 20px 0;\">Sekzioko Bokalen Batzordea<\/h2>[vc_row_inner][vc_column_inner width=&#8221;1\/3&#8243;]<div class=\"single_image wpb_content_element align-left    \" data-animation=\"none\" data-delay=\"0\"><img loading=\"lazy\" decoding=\"async\" width=\"187\" height=\"300\" src=\"https:\/\/www.cofgipuzkoa.eus\/wp-content\/uploads\/2022\/06\/SARA-ISABEL-MOLINERO-B_N-187x300.jpg\" class=\"attachment-medium\" alt=\"\" title=\"SARA ISABEL MOLINERO B_N\" srcset=\"https:\/\/www.cofgipuzkoa.eus\/wp-content\/uploads\/2022\/06\/SARA-ISABEL-MOLINERO-B_N-187x300.jpg 187w, https:\/\/www.cofgipuzkoa.eus\/wp-content\/uploads\/2022\/06\/SARA-ISABEL-MOLINERO-B_N-768x1229.jpg 768w, https:\/\/www.cofgipuzkoa.eus\/wp-content\/uploads\/2022\/06\/SARA-ISABEL-MOLINERO-B_N-640x1024.jpg 640w\" sizes=\"(max-width: 187px) 100vw, 187px\" \/><\/div>[vc_column_text]<\/p>\n<div id=\"translation_text\">\n<div class=\"jumbotron-text\">\n<h4 class=\"col-md-12 col-xs-12\">ORTOPEDIAKO KIDEA:<\/h4>\n<\/div>\n<\/div>\n<h5>Sara Isabel Molinero Barbeira<\/h5>\n<p>Sekzioko bokal honek Ortopedian aritzen diren farmazialariak zaintzeko eta osasun-arauak zehatzago betetzeko lan egiten du.<\/p>\n<p><a href=\"https:\/\/www.cofgipuzkoa.eus\/eu\/ortopediako-kideak\/\">Ikusi Ortopediako bokala<\/a>[\/vc_column_text][\/vc_column_inner][vc_column_inner width=&#8221;1\/3&#8243;]<div class=\"single_image wpb_content_element align-center    \" data-animation=\"none\" data-delay=\"0\"><a href=\"https:\/\/www.cofgipuzkoa.eus\/vocalia-de-hospitales\/\" target=\"_self\"><img loading=\"lazy\" decoding=\"async\" width=\"188\" height=\"300\" src=\"https:\/\/www.cofgipuzkoa.eus\/wp-content\/uploads\/2020\/09\/D\u00f1a.-Asunci\u00f3n-Aranguren-Redondo-2-min-188x300.jpg\" class=\"attachment-medium\" alt=\"\" title=\"D\u00f1a. Asunci\u00f3n Aranguren Redondo 2-min\" srcset=\"https:\/\/www.cofgipuzkoa.eus\/wp-content\/uploads\/2020\/09\/D\u00f1a.-Asunci\u00f3n-Aranguren-Redondo-2-min-188x300.jpg 188w, https:\/\/www.cofgipuzkoa.eus\/wp-content\/uploads\/2020\/09\/D\u00f1a.-Asunci\u00f3n-Aranguren-Redondo-2-min-768x1229.jpg 768w, https:\/\/www.cofgipuzkoa.eus\/wp-content\/uploads\/2020\/09\/D\u00f1a.-Asunci\u00f3n-Aranguren-Redondo-2-min-640x1024.jpg 640w, https:\/\/www.cofgipuzkoa.eus\/wp-content\/uploads\/2020\/09\/D\u00f1a.-Asunci\u00f3n-Aranguren-Redondo-2-min.jpg 1800w\" sizes=\"(max-width: 188px) 100vw, 188px\" \/><\/a><\/div>[vc_column_text]<\/p>\n<h4>OSPITALEETAKO FARMAZIA-ZERBITZUETAKO KIDEA:<\/h4>\n<h5>Asunci\u00f3n Aranguren Redondo<\/h5>\n<p>Ataleko bokal honek elkargoaren eta ospitaleko farmaziako elkargokideen arteko harremana hobetzeko lan egiten du. Elkargoa, besteak beste, farmazialari elkargokide guztiak ordezkatzeko eta defendatzeko dago, eta, horretarako, gure beharrei eta iradokizunei erantzuten entzuten eta saiatzen da.<\/p>\n<p><a href=\"https:\/\/www.cofgipuzkoa.eus\/eu\/ospitaletako-kideak\/\" rel=\"noopener noreferrer\">Ikusi Ospitaleko bokala<\/a>[\/vc_column_text][\/vc_column_inner][vc_column_inner width=&#8221;1\/3&#8243;]<div class=\"single_image wpb_content_element align-center    \" data-animation=\"none\" data-delay=\"0\"><img loading=\"lazy\" decoding=\"async\" width=\"188\" height=\"300\" src=\"https:\/\/www.cofgipuzkoa.eus\/wp-content\/uploads\/2020\/09\/D\u00f1a.-Berta-Eugui-Ugarte-min-188x300.jpg\" class=\"attachment-medium\" alt=\"\" title=\"D\u00f1a. Berta Eugui Ugarte-min\" srcset=\"https:\/\/www.cofgipuzkoa.eus\/wp-content\/uploads\/2020\/09\/D\u00f1a.-Berta-Eugui-Ugarte-min-188x300.jpg 188w, https:\/\/www.cofgipuzkoa.eus\/wp-content\/uploads\/2020\/09\/D\u00f1a.-Berta-Eugui-Ugarte-min-768x1229.jpg 768w, https:\/\/www.cofgipuzkoa.eus\/wp-content\/uploads\/2020\/09\/D\u00f1a.-Berta-Eugui-Ugarte-min-640x1024.jpg 640w, https:\/\/www.cofgipuzkoa.eus\/wp-content\/uploads\/2020\/09\/D\u00f1a.-Berta-Eugui-Ugarte-min.jpg 1800w\" sizes=\"(max-width: 188px) 100vw, 188px\" \/><\/div>[vc_column_text]<\/p>\n<h4>BANAKETAKO BOKALA:<\/h4>\n<h5>Berta Eugui Ugarte<\/h5>\n<p>Sekzioko bokal honek Banaketa Erakundeetan lan egiten duten farmazialariak zaintzen ditu eta osasun-arauak zehatzago betetzen direla ziurtatzen du.[\/vc_column_text][\/vc_column_inner][\/vc_row_inner][vc_row_inner][vc_column_inner width=&#8221;1\/2&#8243;]<div class=\"single_image wpb_content_element align-center    \" data-animation=\"none\" data-delay=\"0\"><img loading=\"lazy\" decoding=\"async\" width=\"188\" height=\"300\" src=\"https:\/\/www.cofgipuzkoa.eus\/wp-content\/uploads\/2020\/09\/D\u00f1a.-C\u00e1ndida-Mar\u00eda-Losa-Iglesias-2-min-188x300.jpg\" class=\"attachment-medium\" alt=\"\" title=\"D\u00f1a. C\u00e1ndida Mar\u00eda Losa Iglesias 2-min\" srcset=\"https:\/\/www.cofgipuzkoa.eus\/wp-content\/uploads\/2020\/09\/D\u00f1a.-C\u00e1ndida-Mar\u00eda-Losa-Iglesias-2-min-188x300.jpg 188w, https:\/\/www.cofgipuzkoa.eus\/wp-content\/uploads\/2020\/09\/D\u00f1a.-C\u00e1ndida-Mar\u00eda-Losa-Iglesias-2-min-768x1229.jpg 768w, https:\/\/www.cofgipuzkoa.eus\/wp-content\/uploads\/2020\/09\/D\u00f1a.-C\u00e1ndida-Mar\u00eda-Losa-Iglesias-2-min-640x1024.jpg 640w, https:\/\/www.cofgipuzkoa.eus\/wp-content\/uploads\/2020\/09\/D\u00f1a.-C\u00e1ndida-Mar\u00eda-Losa-Iglesias-2-min.jpg 1800w\" sizes=\"(max-width: 188px) 100vw, 188px\" \/><\/div>[vc_column_text]<\/p>\n<h4>FARMAZIA-BULEGOKO KIDEA:<\/h4>\n<h5>C\u00e1ndida Mar\u00eda Losa Iglesias<\/h5>\n<p>Sekzioko bokal honek farmazia-bulegoko lanbide-jardunaren modalitateen harmonizazioa errazteko lan egiten du.[\/vc_column_text][\/vc_column_inner][vc_column_inner width=&#8221;1\/2&#8243;]<div class=\"single_image wpb_content_element align-center    \" data-animation=\"none\" data-delay=\"0\"><img loading=\"lazy\" decoding=\"async\" width=\"188\" height=\"300\" src=\"https:\/\/www.cofgipuzkoa.eus\/wp-content\/uploads\/2022\/06\/PABLO-HUESO-B_N-188x300.jpg\" class=\"attachment-medium\" alt=\"\" title=\"PABLO HUESO B_N\" srcset=\"https:\/\/www.cofgipuzkoa.eus\/wp-content\/uploads\/2022\/06\/PABLO-HUESO-B_N-188x300.jpg 188w, https:\/\/www.cofgipuzkoa.eus\/wp-content\/uploads\/2022\/06\/PABLO-HUESO-B_N-768x1229.jpg 768w, https:\/\/www.cofgipuzkoa.eus\/wp-content\/uploads\/2022\/06\/PABLO-HUESO-B_N-640x1024.jpg 640w, https:\/\/www.cofgipuzkoa.eus\/wp-content\/uploads\/2022\/06\/PABLO-HUESO-B_N.jpg 2010w\" sizes=\"(max-width: 188px) 100vw, 188px\" \/><\/div>[vc_column_text]<\/p>\n<h4>ELIKADURA BOKALA:<\/h4>\n<h5>Pablo Hueso Goenaga<\/h5>\n<p>Sekzioko bokal honek elikaduran espezialista diren farmazialarien maila teknikoa eta zientifikoa handitzeko lan egiten du.[\/vc_column_text][\/vc_column_inner][\/vc_row_inner][vc_row_inner][vc_column_inner width=&#8221;1\/3&#8243;]<div class=\"single_image wpb_content_element align-center    \" data-animation=\"none\" data-delay=\"0\"><img loading=\"lazy\" decoding=\"async\" width=\"188\" height=\"300\" src=\"https:\/\/www.cofgipuzkoa.eus\/wp-content\/uploads\/2020\/09\/D\u00f1a.-Idoia-Carlota-Fern\u00e1ndez-Bereciartua-min-188x300.jpg\" class=\"attachment-medium\" alt=\"\" title=\"D\u00f1a. Idoia Carlota Fern\u00e1ndez Bereciartua -min\" srcset=\"https:\/\/www.cofgipuzkoa.eus\/wp-content\/uploads\/2020\/09\/D\u00f1a.-Idoia-Carlota-Fern\u00e1ndez-Bereciartua-min-188x300.jpg 188w, https:\/\/www.cofgipuzkoa.eus\/wp-content\/uploads\/2020\/09\/D\u00f1a.-Idoia-Carlota-Fern\u00e1ndez-Bereciartua-min-768x1229.jpg 768w, https:\/\/www.cofgipuzkoa.eus\/wp-content\/uploads\/2020\/09\/D\u00f1a.-Idoia-Carlota-Fern\u00e1ndez-Bereciartua-min-640x1024.jpg 640w, https:\/\/www.cofgipuzkoa.eus\/wp-content\/uploads\/2020\/09\/D\u00f1a.-Idoia-Carlota-Fern\u00e1ndez-Bereciartua-min.jpg 1800w\" sizes=\"(max-width: 188px) 100vw, 188px\" \/><\/div>[vc_column_text]<\/p>\n<h4>FARMAZIAKO ALBOKOEN, ORDEZKOEN ETA ARDURADUNEN KIDEA:<\/h4>\n<h5>Idoia Carlota Fern\u00e1ndez Bereciartua<\/h5>\n<p>Ataleko bokal honek alderdi juridikoei, lanekoei eta ekonomikoei buruzko aholkularitza ematen du, baita farmazia-bulegoko langileen hitzarmen kolektiboa negoziatzen ere.[\/vc_column_text][\/vc_column_inner][vc_column_inner width=&#8221;1\/3&#8243;]<div class=\"single_image wpb_content_element align-center    \" data-animation=\"none\" data-delay=\"0\"><a href=\"https:\/\/www.cofgipuzkoa.eus\/vocalia-de-dermofarmacia\/\" target=\"_self\"><img loading=\"lazy\" decoding=\"async\" width=\"188\" height=\"300\" src=\"https:\/\/www.cofgipuzkoa.eus\/wp-content\/uploads\/2022\/06\/CARLA-ARIZMENDI-B_N-188x300.jpg\" class=\"attachment-medium\" alt=\"\" title=\"CARLA ARIZMENDI B_N\" srcset=\"https:\/\/www.cofgipuzkoa.eus\/wp-content\/uploads\/2022\/06\/CARLA-ARIZMENDI-B_N-188x300.jpg 188w, https:\/\/www.cofgipuzkoa.eus\/wp-content\/uploads\/2022\/06\/CARLA-ARIZMENDI-B_N-768x1228.jpg 768w, https:\/\/www.cofgipuzkoa.eus\/wp-content\/uploads\/2022\/06\/CARLA-ARIZMENDI-B_N-640x1024.jpg 640w\" sizes=\"(max-width: 188px) 100vw, 188px\" \/><\/a><\/div>[vc_column_text]<\/p>\n<h4>DERMOFARMAZIAKO BOKALA:<\/h4>\n<h5>Carla Arizmendi Garc\u00eda<\/h5>\n<p>Ataleko bokal honek alderdi juridikoei, lanekoei eta ekonomikoei buruzko aholkularitza ematen du, baita farmazia-bulegoko langileen hitzarmen kolektiboa negoziatzen ere.<\/p>\n<p><a href=\"https:\/\/www.cofgipuzkoa.eus\/eu\/ikusi-dermofarmaziako-kideak\/\">Ikusi dermofarmaziako kideak<\/a>[\/vc_column_text][\/vc_column_inner][vc_column_inner width=&#8221;1\/3&#8243;]<div class=\"single_image wpb_content_element align-center    \" data-animation=\"none\" data-delay=\"0\"><a href=\"https:\/\/www.cofgipuzkoa.eus\/vocalias-de-analisis-clinicos\/\" target=\"_self\"><img loading=\"lazy\" decoding=\"async\" width=\"188\" height=\"300\" src=\"https:\/\/www.cofgipuzkoa.eus\/wp-content\/uploads\/2020\/09\/D\u00f1a.-Nerea-Bastida-Lertxundi-2-min-188x300.jpg\" class=\"attachment-medium\" alt=\"\" title=\"D\u00f1a. Nerea Bastida Lertxundi 2-min\" srcset=\"https:\/\/www.cofgipuzkoa.eus\/wp-content\/uploads\/2020\/09\/D\u00f1a.-Nerea-Bastida-Lertxundi-2-min-188x300.jpg 188w, https:\/\/www.cofgipuzkoa.eus\/wp-content\/uploads\/2020\/09\/D\u00f1a.-Nerea-Bastida-Lertxundi-2-min-768x1229.jpg 768w, https:\/\/www.cofgipuzkoa.eus\/wp-content\/uploads\/2020\/09\/D\u00f1a.-Nerea-Bastida-Lertxundi-2-min-640x1024.jpg 640w, https:\/\/www.cofgipuzkoa.eus\/wp-content\/uploads\/2020\/09\/D\u00f1a.-Nerea-Bastida-Lertxundi-2-min.jpg 1800w\" sizes=\"(max-width: 188px) 100vw, 188px\" \/><\/a><\/div>[vc_column_text]<\/p>\n<h4><a href=\"https:\/\/www.cofgipuzkoa.eus\/eu\/analisi-klinikotarako-kideak\/\">ANALISTA KLINIKOEN BOKALA:<\/a><\/h4>\n<h5>Nerea Bastida Lertxundi<\/h5>\n<p>Ataleko bokal honek laborategi klinikoko farmazialari espezialisten maila tekniko eta zientifikoa igotzeko lan egiten du.<\/p>\n<p><a href=\"https:\/\/www.cofgipuzkoa.eus\/eu\/analisi-klinikotarako-kideak\/\">Ikusi analista klinikoen kideak<\/a>[\/vc_column_text][\/vc_column_inner][\/vc_row_inner][vc_row_inner][vc_column_inner width=&#8221;1\/3&#8243;][\/vc_column_inner][vc_column_inner width=&#8221;1\/3&#8243;][\/vc_column_inner][vc_column_inner width=&#8221;1\/3&#8243;][\/vc_column_inner][\/vc_row_inner][\/vc_column][\/vc_row][vc_section full_width=&#8221;stretch_row&#8221; disable_element=&#8221;yes&#8221; el_id=&#8221;seccionDocumentos&#8221; css=&#8221;.vc_custom_1608136579921{background: #fdf4fb url(https:\/\/www.cofgipuzkoa.eus\/wp-content\/uploads\/2020\/09\/deco-section-rosa.jpg?id=14292) !important;background-position: center !important;background-repeat: no-repeat !important;background-size: cover !important;}&#8221;][vc_row text_color=&#8221;custom&#8221; custom_text_color=&#8221;#7a1f5e&#8221; text_align=&#8221;center&#8221; class=&#8221;morado&#8221;][vc_column width=&#8221;1\/1&#8243;]<h2 class=\"headline font-inherit fontsize-inherit fontweight-inherit lh-inherit align-center transform-inherit \" style=\"margin: 0 0 20px 0;\">Acuerdos<\/h2>[vc_row_inner el_class=&#8221;descargables&#8221;][vc_column_inner][vc_column_text]<div class='w3eden'><!-- WPDM Link Template: Default Template -->\n\n<div class=\"link-template-default card mb-2\">\n    <div class=\"card-body\">\n        <div class=\"media\">\n            <div class=\"mr-3 img-48\"><img decoding=\"async\" class=\"wpdm_icon\" alt=\"Icon\" src=\"https:\/\/www.cofgipuzkoa.eus\/wp-content\/plugins\/download-manager\/assets\/file-type-icons\/pdf.svg\" \/><\/div>\n            <div class=\"media-body\">\n                <h3 class=\"package-title\"><a href='https:\/\/www.cofgipuzkoa.eus\/eu\/download\/acuerdos-junta-de-vocalias-de-seccion-2020\/'>ACUERDOS JUNTA DE VOCALIAS DE SECCION<\/a><\/h3>\n                <div class=\"text-muted text-small\"><i class=\"fas fa-copy\"><\/i> 1 file(s) <i class=\"fas fa-hdd ml-3\"><\/i> 201.65 KB<\/div>\n            <\/div>\n            <div class=\"ml-3\">\n                <a class='wpdm-download-link download-on-click btn btn-primary btn-sm' rel='nofollow' href='#' data-downloadurl=\"https:\/\/www.cofgipuzkoa.eus\/eu\/download\/acuerdos-junta-de-vocalias-de-seccion-2020\/?wpdmdl=14789&refresh=69f71f394d1f31777803065\">Deskargatu<\/a>\n            <\/div>\n        <\/div>\n    <\/div>\n<\/div>\n\n<\/div>\n<div class='w3eden'><!-- WPDM Link Template: Default Template -->\n\n<div class=\"link-template-default card mb-2\">\n    <div class=\"card-body\">\n        <div class=\"media\">\n            <div class=\"mr-3 img-48\"><img decoding=\"async\" class=\"wpdm_icon\" alt=\"Icon\" src=\"https:\/\/www.cofgipuzkoa.eus\/wp-content\/plugins\/download-manager\/assets\/file-type-icons\/pdf.svg\" \/><\/div>\n            <div class=\"media-body\">\n                <h3 class=\"package-title\"><a href='https:\/\/www.cofgipuzkoa.eus\/eu\/download\/acuerdos-junta-de-gobierno-2020\/'>ACUERDOS JUNTA DE GOBIERNO<\/a><\/h3>\n                <div class=\"text-muted text-small\"><i class=\"fas fa-copy\"><\/i> 1 file(s) <i class=\"fas fa-hdd ml-3\"><\/i> 225.54 KB<\/div>\n            <\/div>\n            <div class=\"ml-3\">\n                <a class='wpdm-download-link download-on-click btn btn-primary btn-sm' rel='nofollow' href='#' data-downloadurl=\"https:\/\/www.cofgipuzkoa.eus\/eu\/download\/acuerdos-junta-de-gobierno-2020\/?wpdmdl=14788&refresh=69f71f395c01c1777803065\">Deskargatu<\/a>\n            <\/div>\n        <\/div>\n    <\/div>\n<\/div>\n\n<\/div>[\/vc_column_text][\/vc_column_inner][\/vc_row_inner][\/vc_column][\/vc_row][vc_row bottom_padding=&#8221;50&#8243; class=&#8221;pageContenido&#8221;][vc_column width=&#8221;1\/1&#8243;]<h2 class=\"headline font-inherit fontsize-inherit fontweight-inherit lh-inherit align-center transform-inherit \" style=\"margin: 0 0 20px 0;\">Enlace de la convocatoria actual<\/h2>[vc_column_text]<\/p>\n<p style=\"text-align: center;\"><a href=\"https:\/\/fse.mscbs.gob.es\/fseweb\/view\/index.xhtml\" target=\"_blank\" rel=\"noopener noreferrer\">CONVOCATORIA FIR<\/a><\/p>\n<p>[\/vc_column_text][\/vc_column][\/vc_row][\/vc_section]<\/p>\n<\/div>","protected":false},"excerpt":{"rendered":"<p>[vc_row class=&#8221;pageContenido&#8221;][vc_column width=&#8221;1\/1&#8243;][vc_row_inner][vc_column_inner width=&#8221;1\/3&#8243;][\/vc_column_inner][vc_column_inner width=&#8221;1\/3&#8243;][\/vc_column_inner][vc_column_inner width=&#8221;1\/3&#8243;][\/vc_column_inner][\/vc_row_inner][vc_row_inner][vc_column_inner el_class=&#8221;displaymember-content&#8221; width=&#8221;1\/3&#8243;][\/vc_column_inner][vc_column_inner width=&#8221;1\/3&#8243;][\/vc_column_inner][vc_column_inner width=&#8221;1\/3&#8243;][\/vc_column_inner][\/vc_row_inner][vc_row_inner][vc_column_inner width=&#8221;1\/3&#8243;][\/vc_column_inner][vc_column_inner width=&#8221;1\/3&#8243;][\/vc_column_inner][vc_column_inner width=&#8221;1\/3&#8243;][\/vc_column_inner][\/vc_row_inner][vc_row_inner][vc_column_inner width=&#8221;1\/3&#8243;][\/vc_column_inner][vc_column_inner width=&#8221;1\/3&#8243;][\/vc_column_inner][vc_column_inner width=&#8221;1\/3&#8243;][\/vc_column_inner][\/vc_row_inner][\/vc_column][\/vc_row][vc_row class=&#8221;pageContenido miembros&#8221;][vc_column width=&#8221;1\/1&#8243;][vc_row_inner][vc_column_inner width=&#8221;1\/3&#8243;][vc_column_text] ORTOPEDIAKO KIDEA: Sara Isabel Molinero Barbeira Sekzioko bokal honek Ortopedian aritzen diren farmazialariak zaintzeko eta osasun-arauak zehatzago betetzeko lan egiten du. Ikusi Ortopediako bokala[\/vc_column_text][\/vc_column_inner][vc_column_inner width=&#8221;1\/3&#8243;][vc_column_text] OSPITALEETAKO FARMAZIA-ZERBITZUETAKO KIDEA: Asunci\u00f3n Aranguren Redondo Ataleko bokal honek elkargoaren eta ospitaleko farmaziako elkargokideen arteko harremana hobetzeko lan egiten du. Elkargoa, besteak beste, farmazialari elkargokide guztiak ordezkatzeko eta defendatzeko dago, eta, horretarako, gure beharrei eta iradokizunei erantzuten entzuten eta saiatzen da. Ikusi Ospitaleko bokala[\/vc_column_text][\/vc_column_inner][vc_column_inner width=&#8221;1\/3&#8243;][vc_column_text] BANAKETAKO BOKALA: Berta Eugui Ugarte Sekzioko bokal honek Banaketa Erakundeetan lan egiten duten farmazialariak zaintzen ditu eta osasun-arauak zehatzago betetzen direla ziurtatzen du.[\/vc_column_text][\/vc_column_inner][\/vc_row_inner][vc_row_inner][vc_column_inner width=&#8221;1\/2&#8243;][vc_column_text] FARMAZIA-BULEGOKO KIDEA: C\u00e1ndida Mar\u00eda Losa Iglesias Sekzioko bokal honek farmazia-bulegoko lanbide-jardunaren modalitateen harmonizazioa errazteko lan egiten du.[\/vc_column_text][\/vc_column_inner][vc_column_inner width=&#8221;1\/2&#8243;][vc_column_text] ELIKADURA BOKALA: Pablo Hueso Goenaga Sekzioko bokal honek elikaduran espezialista diren farmazialarien maila teknikoa eta zientifikoa handitzeko lan egiten du.[\/vc_column_text][\/vc_column_inner][\/vc_row_inner][vc_row_inner][vc_column_inner width=&#8221;1\/3&#8243;][vc_column_text] FARMAZIAKO ALBOKOEN, ORDEZKOEN ETA ARDURADUNEN KIDEA: Idoia Carlota Fern\u00e1ndez Bereciartua Ataleko bokal honek alderdi juridikoei, lanekoei eta ekonomikoei buruzko aholkularitza ematen du, baita farmazia-bulegoko langileen hitzarmen kolektiboa negoziatzen ere.[\/vc_column_text][\/vc_column_inner][vc_column_inner width=&#8221;1\/3&#8243;][vc_column_text] DERMOFARMAZIAKO BOKALA: Carla Arizmendi Garc\u00eda Ataleko bokal honek alderdi juridikoei, lanekoei eta ekonomikoei buruzko aholkularitza ematen du, [&hellip;]<\/p>\n","protected":false},"author":1107,"featured_media":0,"parent":15868,"menu_order":0,"comment_status":"closed","ping_status":"closed","template":"","meta":{"_acf_changed":false,"om_disable_all_campaigns":false,"footnotes":""},"class_list":["post-14996","page","type-page","status-publish","hentry"],"acf":[],"yoast_head":"<!-- This site is optimized with the Yoast SEO plugin v23.1 - https:\/\/yoast.com\/wordpress\/plugins\/seo\/ -->\n<title>Lidergo Taldea - Gobernu Batzordea | Farmazialariak Gipuzkoa<\/title>\n<meta name=\"description\" content=\"Ezagutu gure lidergo taldea Elkargoan: Batzordea eta Sekzioen Bokalak, farmazia aurrerapenaren eta bikaintasunaren aldeko lana.\" \/>\n<meta name=\"robots\" content=\"index, follow, max-snippet:-1, max-image-preview:large, max-video-preview:-1\" \/>\n<link rel=\"canonical\" href=\"https:\/\/www.cofgipuzkoa.eus\/eu\/nortzuk-gara\/informazio-korporatiboa\/gure-taldea\/gobernu-batzordea-eta-kideak\/\" \/>\n<meta property=\"og:locale\" content=\"eu_ES\" \/>\n<meta property=\"og:type\" content=\"article\" \/>\n<meta property=\"og:title\" content=\"Lidergo Taldea - Gobernu Batzordea | Farmazialariak Gipuzkoa\" \/>\n<meta property=\"og:description\" content=\"Ezagutu gure lidergo taldea Elkargoan: Batzordea eta Sekzioen Bokalak, farmazia aurrerapenaren eta bikaintasunaren aldeko lana.\" \/>\n<meta property=\"og:url\" content=\"https:\/\/www.cofgipuzkoa.eus\/eu\/nortzuk-gara\/informazio-korporatiboa\/gure-taldea\/gobernu-batzordea-eta-kideak\/\" \/>\n<meta property=\"og:site_name\" content=\"Colegio Oficial de Farmac\u00e9uticos de Gipuzkoa - Gipuzkoako Farmazilarien Elkargo Ofiziala\" \/>\n<meta property=\"article:modified_time\" content=\"2025-03-26T10:58:51+00:00\" \/>\n<meta property=\"og:image\" content=\"https:\/\/www.cofgipuzkoa.eus\/wp-content\/uploads\/2023\/12\/cofg.jpg\" \/>\n\t<meta property=\"og:image:width\" content=\"1200\" \/>\n\t<meta property=\"og:image:height\" content=\"675\" \/>\n\t<meta property=\"og:image:type\" content=\"image\/jpeg\" \/>\n<meta name=\"twitter:card\" content=\"summary_large_image\" \/>\n<meta name=\"twitter:site\" content=\"@GipuzkoaCOF\" \/>\n<meta name=\"twitter:label1\" content=\"Est. reading time\" \/>\n\t<meta name=\"twitter:data1\" content=\"4 minutes\" \/>\n<script type=\"application\/ld+json\" class=\"yoast-schema-graph\">{\"@context\":\"https:\/\/schema.org\",\"@graph\":[{\"@type\":\"WebPage\",\"@id\":\"https:\/\/www.cofgipuzkoa.eus\/eu\/nortzuk-gara\/informazio-korporatiboa\/gure-taldea\/gobernu-batzordea-eta-kideak\/\",\"url\":\"https:\/\/www.cofgipuzkoa.eus\/eu\/nortzuk-gara\/informazio-korporatiboa\/gure-taldea\/gobernu-batzordea-eta-kideak\/\",\"name\":\"Lidergo Taldea - Gobernu Batzordea | Farmazialariak Gipuzkoa\",\"isPartOf\":{\"@id\":\"https:\/\/www.cofgipuzkoa.eus\/#website\"},\"datePublished\":\"2021-02-17T17:07:45+00:00\",\"dateModified\":\"2025-03-26T10:58:51+00:00\",\"description\":\"Ezagutu gure lidergo taldea Elkargoan: Batzordea eta Sekzioen Bokalak, farmazia aurrerapenaren eta bikaintasunaren aldeko lana.\",\"breadcrumb\":{\"@id\":\"https:\/\/www.cofgipuzkoa.eus\/eu\/nortzuk-gara\/informazio-korporatiboa\/gure-taldea\/gobernu-batzordea-eta-kideak\/#breadcrumb\"},\"inLanguage\":\"eu-ES\",\"potentialAction\":[{\"@type\":\"ReadAction\",\"target\":[\"https:\/\/www.cofgipuzkoa.eus\/eu\/nortzuk-gara\/informazio-korporatiboa\/gure-taldea\/gobernu-batzordea-eta-kideak\/\"]}]},{\"@type\":\"BreadcrumbList\",\"@id\":\"https:\/\/www.cofgipuzkoa.eus\/eu\/nortzuk-gara\/informazio-korporatiboa\/gure-taldea\/gobernu-batzordea-eta-kideak\/#breadcrumb\",\"itemListElement\":[{\"@type\":\"ListItem\",\"position\":1,\"name\":\"Home\",\"item\":\"https:\/\/www.cofgipuzkoa.eus\/eu\/\"},{\"@type\":\"ListItem\",\"position\":2,\"name\":\"Nortzuk gara\",\"item\":\"https:\/\/www.cofgipuzkoa.eus\/eu\/nortzuk-gara\/\"},{\"@type\":\"ListItem\",\"position\":3,\"name\":\"Informazio korporatiboa\",\"item\":\"https:\/\/www.cofgipuzkoa.eus\/quienes-somos\/informacion-corporativa\/\"},{\"@type\":\"ListItem\",\"position\":4,\"name\":\"Gure taldea\",\"item\":\"https:\/\/www.cofgipuzkoa.eus\/quienes-somos\/informacion-corporativa\/nuestro-equipo\/\"},{\"@type\":\"ListItem\",\"position\":5,\"name\":\"Nortzuk gara\"}]},{\"@type\":\"WebSite\",\"@id\":\"https:\/\/www.cofgipuzkoa.eus\/#website\",\"url\":\"https:\/\/www.cofgipuzkoa.eus\/\",\"name\":\"Colegio Oficial de Farmac\u00e9uticos de Gipuzkoa - Gipuzkoako Farmazilarien Elkargo Ofiziala\",\"description\":\"Colegio Oficial de Farmac\u00e9uticos de Gipuzkoa - Gipuzkoako Farmazilarien Elkargo Ofiziala\",\"publisher\":{\"@id\":\"https:\/\/www.cofgipuzkoa.eus\/#organization\"},\"potentialAction\":[{\"@type\":\"SearchAction\",\"target\":{\"@type\":\"EntryPoint\",\"urlTemplate\":\"https:\/\/www.cofgipuzkoa.eus\/?s={search_term_string}\"},\"query-input\":\"required name=search_term_string\"}],\"inLanguage\":\"eu-ES\"},{\"@type\":\"Organization\",\"@id\":\"https:\/\/www.cofgipuzkoa.eus\/#organization\",\"name\":\"Colegio Oficial de Farmac\u00e9uticos de Gipuzkoa - Gipuzkoako Farmazilarien Elkargo Ofiziala\",\"url\":\"https:\/\/www.cofgipuzkoa.eus\/\",\"logo\":{\"@type\":\"ImageObject\",\"inLanguage\":\"eu-ES\",\"@id\":\"https:\/\/www.cofgipuzkoa.eus\/#\/schema\/logo\/image\/\",\"url\":\"https:\/\/www.cofgipuzkoa.eus\/wp-content\/uploads\/2023\/11\/cofg_logo.png\",\"contentUrl\":\"https:\/\/www.cofgipuzkoa.eus\/wp-content\/uploads\/2023\/11\/cofg_logo.png\",\"width\":112,\"height\":112,\"caption\":\"Colegio Oficial de Farmac\u00e9uticos de Gipuzkoa - Gipuzkoako Farmazilarien Elkargo Ofiziala\"},\"image\":{\"@id\":\"https:\/\/www.cofgipuzkoa.eus\/#\/schema\/logo\/image\/\"},\"sameAs\":[\"https:\/\/x.com\/GipuzkoaCOF\"]}]}<\/script>\n<!-- \/ Yoast SEO plugin. -->","yoast_head_json":{"title":"Lidergo Taldea - Gobernu Batzordea | Farmazialariak Gipuzkoa","description":"Ezagutu gure lidergo taldea Elkargoan: Batzordea eta Sekzioen Bokalak, farmazia aurrerapenaren eta bikaintasunaren aldeko lana.","robots":{"index":"index","follow":"follow","max-snippet":"max-snippet:-1","max-image-preview":"max-image-preview:large","max-video-preview":"max-video-preview:-1"},"canonical":"https:\/\/www.cofgipuzkoa.eus\/eu\/nortzuk-gara\/informazio-korporatiboa\/gure-taldea\/gobernu-batzordea-eta-kideak\/","og_locale":"eu_ES","og_type":"article","og_title":"Lidergo Taldea - Gobernu Batzordea | Farmazialariak Gipuzkoa","og_description":"Ezagutu gure lidergo taldea Elkargoan: Batzordea eta Sekzioen Bokalak, farmazia aurrerapenaren eta bikaintasunaren aldeko lana.","og_url":"https:\/\/www.cofgipuzkoa.eus\/eu\/nortzuk-gara\/informazio-korporatiboa\/gure-taldea\/gobernu-batzordea-eta-kideak\/","og_site_name":"Colegio Oficial de Farmac\u00e9uticos de Gipuzkoa - Gipuzkoako Farmazilarien Elkargo Ofiziala","article_modified_time":"2025-03-26T10:58:51+00:00","og_image":[{"width":1200,"height":675,"url":"https:\/\/www.cofgipuzkoa.eus\/wp-content\/uploads\/2023\/12\/cofg.jpg","type":"image\/jpeg"}],"twitter_card":"summary_large_image","twitter_site":"@GipuzkoaCOF","twitter_misc":{"Est. reading time":"4 minutes"},"schema":{"@context":"https:\/\/schema.org","@graph":[{"@type":"WebPage","@id":"https:\/\/www.cofgipuzkoa.eus\/eu\/nortzuk-gara\/informazio-korporatiboa\/gure-taldea\/gobernu-batzordea-eta-kideak\/","url":"https:\/\/www.cofgipuzkoa.eus\/eu\/nortzuk-gara\/informazio-korporatiboa\/gure-taldea\/gobernu-batzordea-eta-kideak\/","name":"Lidergo Taldea - Gobernu Batzordea | Farmazialariak Gipuzkoa","isPartOf":{"@id":"https:\/\/www.cofgipuzkoa.eus\/#website"},"datePublished":"2021-02-17T17:07:45+00:00","dateModified":"2025-03-26T10:58:51+00:00","description":"Ezagutu gure lidergo taldea Elkargoan: Batzordea eta Sekzioen Bokalak, farmazia aurrerapenaren eta bikaintasunaren aldeko lana.","breadcrumb":{"@id":"https:\/\/www.cofgipuzkoa.eus\/eu\/nortzuk-gara\/informazio-korporatiboa\/gure-taldea\/gobernu-batzordea-eta-kideak\/#breadcrumb"},"inLanguage":"eu-ES","potentialAction":[{"@type":"ReadAction","target":["https:\/\/www.cofgipuzkoa.eus\/eu\/nortzuk-gara\/informazio-korporatiboa\/gure-taldea\/gobernu-batzordea-eta-kideak\/"]}]},{"@type":"BreadcrumbList","@id":"https:\/\/www.cofgipuzkoa.eus\/eu\/nortzuk-gara\/informazio-korporatiboa\/gure-taldea\/gobernu-batzordea-eta-kideak\/#breadcrumb","itemListElement":[{"@type":"ListItem","position":1,"name":"Home","item":"https:\/\/www.cofgipuzkoa.eus\/eu\/"},{"@type":"ListItem","position":2,"name":"Nortzuk gara","item":"https:\/\/www.cofgipuzkoa.eus\/eu\/nortzuk-gara\/"},{"@type":"ListItem","position":3,"name":"Informazio korporatiboa","item":"https:\/\/www.cofgipuzkoa.eus\/quienes-somos\/informacion-corporativa\/"},{"@type":"ListItem","position":4,"name":"Gure taldea","item":"https:\/\/www.cofgipuzkoa.eus\/quienes-somos\/informacion-corporativa\/nuestro-equipo\/"},{"@type":"ListItem","position":5,"name":"Nortzuk gara"}]},{"@type":"WebSite","@id":"https:\/\/www.cofgipuzkoa.eus\/#website","url":"https:\/\/www.cofgipuzkoa.eus\/","name":"Colegio Oficial de Farmac\u00e9uticos de Gipuzkoa - Gipuzkoako Farmazilarien Elkargo Ofiziala","description":"Colegio Oficial de Farmac\u00e9uticos de Gipuzkoa - Gipuzkoako Farmazilarien Elkargo Ofiziala","publisher":{"@id":"https:\/\/www.cofgipuzkoa.eus\/#organization"},"potentialAction":[{"@type":"SearchAction","target":{"@type":"EntryPoint","urlTemplate":"https:\/\/www.cofgipuzkoa.eus\/?s={search_term_string}"},"query-input":"required name=search_term_string"}],"inLanguage":"eu-ES"},{"@type":"Organization","@id":"https:\/\/www.cofgipuzkoa.eus\/#organization","name":"Colegio Oficial de Farmac\u00e9uticos de Gipuzkoa - Gipuzkoako Farmazilarien Elkargo Ofiziala","url":"https:\/\/www.cofgipuzkoa.eus\/","logo":{"@type":"ImageObject","inLanguage":"eu-ES","@id":"https:\/\/www.cofgipuzkoa.eus\/#\/schema\/logo\/image\/","url":"https:\/\/www.cofgipuzkoa.eus\/wp-content\/uploads\/2023\/11\/cofg_logo.png","contentUrl":"https:\/\/www.cofgipuzkoa.eus\/wp-content\/uploads\/2023\/11\/cofg_logo.png","width":112,"height":112,"caption":"Colegio Oficial de Farmac\u00e9uticos de Gipuzkoa - Gipuzkoako Farmazilarien Elkargo Ofiziala"},"image":{"@id":"https:\/\/www.cofgipuzkoa.eus\/#\/schema\/logo\/image\/"},"sameAs":["https:\/\/x.com\/GipuzkoaCOF"]}]}},"publishpress_future_action":{"enabled":false,"date":"2026-05-10 12:11:05","action":"change-status","newStatus":"draft","terms":[],"taxonomy":"translation_priority"},"_links":{"self":[{"href":"https:\/\/www.cofgipuzkoa.eus\/eu\/wp-json\/wp\/v2\/pages\/14996"}],"collection":[{"href":"https:\/\/www.cofgipuzkoa.eus\/eu\/wp-json\/wp\/v2\/pages"}],"about":[{"href":"https:\/\/www.cofgipuzkoa.eus\/eu\/wp-json\/wp\/v2\/types\/page"}],"author":[{"embeddable":true,"href":"https:\/\/www.cofgipuzkoa.eus\/eu\/wp-json\/wp\/v2\/users\/1107"}],"replies":[{"embeddable":true,"href":"https:\/\/www.cofgipuzkoa.eus\/eu\/wp-json\/wp\/v2\/comments?post=14996"}],"version-history":[{"count":8,"href":"https:\/\/www.cofgipuzkoa.eus\/eu\/wp-json\/wp\/v2\/pages\/14996\/revisions"}],"predecessor-version":[{"id":24314,"href":"https:\/\/www.cofgipuzkoa.eus\/eu\/wp-json\/wp\/v2\/pages\/14996\/revisions\/24314"}],"up":[{"embeddable":true,"href":"https:\/\/www.cofgipuzkoa.eus\/eu\/wp-json\/wp\/v2\/pages\/15868"}],"wp:attachment":[{"href":"https:\/\/www.cofgipuzkoa.eus\/eu\/wp-json\/wp\/v2\/media?parent=14996"}],"curies":[{"name":"wp","href":"https:\/\/api.w.org\/{rel}","templated":true}]}}